{"id":10530,"date":"2021-09-30T15:56:21","date_gmt":"2021-09-30T18:56:21","guid":{"rendered":"https:\/\/ieslvf-caba.infd.edu.ar\/sitio\/?page_id=10530"},"modified":"2026-08-27T17:22:47","modified_gmt":"2026-08-27T20:22:47","slug":"inscripcion-primaria-2021","status":"publish","type":"page","link":"https:\/\/ieslvf-caba.infd.edu.ar\/sitio\/inscripcion-primaria-2021\/","title":{"rendered":"Inscripci\u00f3n Primaria"},"content":{"rendered":"\n<div class=\"wp-block-cover alignwide is-light is-position-center-center\" style=\"min-height:100px\"><span aria-hidden=\"true\" class=\"wp-block-cover__background has-background-dim-20 has-background-dim\"><\/span><img decoding=\"async\" loading=\"lazy\" width=\"640\" height=\"480\" class=\"wp-block-cover__image-background wp-image-10172\" alt=\"\" src=\"https:\/\/ieslvf-caba.infd.edu.ar\/sitio\/wp-content\/uploads\/2021\/09\/edificio-nuevo-pg-5.jpg\" style=\"object-position:40% 26%\" data-object-fit=\"cover\" data-object-position=\"40% 26%\"\/><div class=\"wp-block-cover__inner-container\">\n<p class=\"has-text-align-center has-text-color\" style=\"color:#fffffa;font-size:40px;line-height:1.1\"><strong>Inscripci\u00f3n Primaria<\/strong><\/p>\n<\/div><\/div>\n\n\n\n<p><\/p>\n\n\n\n<p class=\"has-large-font-size\"><strong>CICLO LECTIVO 2027<\/strong><\/p>\n\n\n\n<p><strong>Ingreso a 1er grado<\/strong><\/p>\n\n\n\n<ul>\n<li>Los interesados en ingresar a primer grado deber\u00e1n realizar la inscripci\u00f3n seleccionado esta instituci\u00f3n dentro del sistema de inscripci\u00f3n del sistema de la Ciudad de Buenos Aires.&nbsp;<\/li>\n\n\n\n<li>Para m\u00e1s informaci\u00f3n, acceder a <a href=\"https:\/\/buenosaires.gob.ar\/gcaba_historico\/educacion\/estudiantes\/inscripcionescolar\" target=\"_blank\" rel=\"noreferrer noopener\">https:\/\/buenosaires.gob.ar\/gcaba_historico\/educacion\/estudiantes\/inscripcionescolar<\/a>\u00a0<\/li>\n<\/ul>\n\n\n\n<p><strong>Vacantes de 2do a 7mo grados<\/strong><\/p>\n\n\n\n<ul>\n<li>Los interesados en ingresar a los grados entre 2do y 7mo deber\u00e1n rendir examen de idioma ingl\u00e9s \/ franc\u00e9s en el mes de febrero (seg\u00fan la Agenda Educativa) seg\u00fan los programas vigentes. La fecha exacta ser\u00e1 publicada en este espacio cuando est\u00e9 disponible.&nbsp;<\/li>\n\n\n\n<li>Los programas est\u00e1n disponibles a trav\u00e9s de la Fotocopiadora de la instituci\u00f3n (en el primer subsuelo del edificio) para que las familias puedan cotejar los contenidos y los estudiantes puedan prepararse.&nbsp;<\/li>\n\n\n\n<li>A fines del mes de noviembre de 2026 se publicar\u00e1n en este espacio las vacantes disponibles para ingresantes entre 2do y 7mo grado en 2027.<\/li>\n\n\n\n<li>Las vacantes disponibles ser\u00e1n asignadas seg\u00fan el orden resultante de los puntajes obtenidos por los candidatos en el examen de ingreso.&nbsp;<\/li>\n\n\n\n<li>Correo electr\u00f3nico de contacto para realizar consultas: ieslvjrf.nivelprimario@bue.edu.ar<\/li>\n<\/ul>\n\n\n\n<p><\/p>\n\n\n\n<p><\/p>\n\n\n\n<p><\/p>\n","protected":false},"excerpt":{"rendered":"<p>CICLO LECTIVO 2027 Ingreso a 1er grado Vacantes de 2do a 7mo grados<\/p>\n","protected":false},"author":4,"featured_media":0,"parent":0,"menu_order":0,"comment_status":"closed","ping_status":"closed","template":"","meta":[],"acf":[],"_links":{"self":[{"href":"https:\/\/ieslvf-caba.infd.edu.ar\/sitio\/wp-json\/wp\/v2\/pages\/10530"}],"collection":[{"href":"https:\/\/ieslvf-caba.infd.edu.ar\/sitio\/wp-json\/wp\/v2\/pages"}],"about":[{"href":"https:\/\/ieslvf-caba.infd.edu.ar\/sitio\/wp-json\/wp\/v2\/types\/page"}],"author":[{"embeddable":true,"href":"https:\/\/ieslvf-caba.infd.edu.ar\/sitio\/wp-json\/wp\/v2\/users\/4"}],"replies":[{"embeddable":true,"href":"https:\/\/ieslvf-caba.infd.edu.ar\/sitio\/wp-json\/wp\/v2\/comments?post=10530"}],"version-history":[{"count":39,"href":"https:\/\/ieslvf-caba.infd.edu.ar\/sitio\/wp-json\/wp\/v2\/pages\/10530\/revisions"}],"predecessor-version":[{"id":22242,"href":"https:\/\/ieslvf-caba.infd.edu.ar\/sitio\/wp-json\/wp\/v2\/pages\/10530\/revisions\/22242"}],"wp:attachment":[{"href":"https:\/\/ieslvf-caba.infd.edu.ar\/sitio\/wp-json\/wp\/v2\/media?parent=10530"}],"curies":[{"name":"wp","href":"https:\/\/api.w.org\/{rel}","templated":true}]}}