{"id":10603,"date":"2021-09-30T17:51:51","date_gmt":"2021-09-30T20:51:51","guid":{"rendered":"https:\/\/ieslvf-caba.infd.edu.ar\/sitio\/?page_id=10603"},"modified":"2021-10-27T15:32:43","modified_gmt":"2021-10-27T18:32:43","slug":"programas-vigentes-hasta-2020-2021","status":"publish","type":"page","link":"https:\/\/ieslvf-caba.infd.edu.ar\/sitio\/programas-vigentes-hasta-2020-2021\/","title":{"rendered":"Programas vigentes hasta 2020 (2021)"},"content":{"rendered":"\n<div class=\"wp-block-cover alignwide has-background-dim-20 has-background-dim is-position-center-center\" style=\"min-height:100px\"><img decoding=\"async\" loading=\"lazy\" width=\"1000\" height=\"667\" class=\"wp-block-cover__image-background wp-image-10604\" alt=\"\" src=\"https:\/\/ieslvf-caba.infd.edu.ar\/sitio\/wp-content\/uploads\/2021\/09\/boy-studying-in-the-university-library.jpg\" style=\"object-position:49% 79%\" data-object-fit=\"cover\" data-object-position=\"49% 79%\" srcset=\"https:\/\/ieslvf-caba.infd.edu.ar\/sitio\/wp-content\/uploads\/2021\/09\/boy-studying-in-the-university-library.jpg 1000w, https:\/\/ieslvf-caba.infd.edu.ar\/sitio\/wp-content\/uploads\/2021\/09\/boy-studying-in-the-university-library-768x512.jpg 768w\" sizes=\"(max-width: 1000px) 100vw, 1000px\" \/><div class=\"wp-block-cover__inner-container\">\n<p class=\"has-text-align-center has-text-color\" style=\"color:#fffffa;font-size:40px;line-height:1.1\"><strong>Programas vigentes hasta 2020<\/strong><\/p>\n<\/div><\/div>\n\n\n\n<p><\/p>\n\n\n\n<p><strong>Haga click para descargar<\/strong><\/p>\n\n\n\n<p><strong>MATEM\u00c1TICA<\/strong><\/p>\n\n\n\n<p><a href=\"https:\/\/ieslvf-caba.infd.edu.ar\/sitio\/wp-content\/uploads\/2021\/08\/MATEMATICA-1er-ANO_PROGRAMA-contenidos-dados-priorizados-1er-CUATRIM.docx.pdf\">Matem\u00e1tica 1er a\u00f1o<\/a><\/p>\n\n\n\n<p><a href=\"https:\/\/ieslvf-caba.infd.edu.ar\/sitio\/wp-content\/uploads\/2021\/08\/MATEMATICA-2do-ANO_PROGRAMA-contenidos-dados-priorizados-1er-CUATRIM.docx.pdf\">Matem\u00e1tica 2do a\u00f1o<\/a><\/p>\n\n\n\n<p><a href=\"https:\/\/ieslvf-caba.infd.edu.ar\/sitio\/wp-content\/uploads\/2021\/08\/Contenidos-priorizados-Matematica-3o3o-y-3o4o-2021.docx.pdf\">Matem\u00e1tica 3er a\u00f1o<\/a><\/p>\n\n\n\n<p><a href=\"https:\/\/ieslvf-caba.infd.edu.ar\/sitio\/wp-content\/uploads\/2021\/08\/MATEMATICA-4to-ANO_PROGRAMA-contenidos-dados-priorizados-1er-CUATRIM.docx.pdf\">Matem\u00e1tica 4to a\u00f1o<\/a>&nbsp;<\/p>\n\n\n\n<p><a href=\"https:\/\/ieslvf-caba.infd.edu.ar\/sitio\/wp-content\/uploads\/2021\/08\/MATEMATICA-5to-ANO_PROGRAMA-contenidos-dados-priorizados-1er-CUATRIM.docx.pdf\">Matem\u00e1tica 5to a\u00f1o<\/a>&nbsp;<\/p>\n\n\n\n<p><strong>LENGUA Y&nbsp;LITERATURA<\/strong><\/p>\n\n\n\n<p><a href=\"https:\/\/ieslvf-caba.infd.edu.ar\/sitio\/wp-content\/uploads\/2019\/06\/LENGUA-1\u00b0-PROGRAMA-2019.docx\">Lengua 1er A\u00f1o<\/a><\/p>\n\n\n\n<p><a href=\"https:\/\/ieslvf-caba.infd.edu.ar\/sitio\/wp-content\/uploads\/2019\/06\/LENGUA-2\u00b0-PROGRAMA-2019.doc\">Lengua 2do A\u00f1o<\/a><\/p>\n\n\n\n<p><a href=\"https:\/\/ieslvf-caba.infd.edu.ar\/sitio\/wp-content\/uploads\/2019\/06\/LENGUA-3\u00b0-PROGRAMA-2019.docx\">Lengua 3er A\u00f1o<\/a><\/p>\n\n\n\n<p><a href=\"https:\/\/ieslvf-caba.infd.edu.ar\/sitio\/wp-content\/uploads\/2019\/06\/Programa-de-Lengua-y-Literatura-4\u00b0-2019.docx\">Lengua y Literatura 4to A\u00f1o<\/a><\/p>\n\n\n\n<p><a href=\"https:\/\/ieslvf-caba.infd.edu.ar\/sitio\/wp-content\/uploads\/2019\/06\/Programa-de-Lengua-y-Literatura-5\u00b0-2019-1.docx\">Lengua y Literatura 5to A\u00f1o<\/a><\/p>\n\n\n\n<p><em><strong>LENGUA ADICIONAL INGL\u00c9S<\/strong><\/em><\/p>\n\n\n\n<p><strong>LENGUA ADICIONAL A<\/strong><\/p>\n\n\n\n<p><a href=\"https:\/\/ieslvf-caba.infd.edu.ar\/sitio\/wp-content\/uploads\/2019\/06\/PROGRAMA-DE-LAA-INGL\u00c9S-1er-a\u00f1o-2019.pdf\">Ingl\u00e9s 1er A\u00f1o<\/a><\/p>\n\n\n\n<p><a href=\"ttps:\/\/ieslvf-caba.infd.edu.ar\/sitio\/wp-content\/uploads\/2019\/06\/PROGRAMA-DE-LAA-INGL\u00c9S-2do-a\u00f1o-2019.pdf\">Ingl\u00e9s 2do A\u00f1o<\/a><\/p>\n\n\n\n<p><a href=\"https:\/\/ieslvf-caba.infd.edu.ar\/sitio\/wp-content\/uploads\/2019\/06\/PROGRAMA-DE-LAA-INGLES-3er-a\u00f1o-2019.pdf\">Ingl\u00e9s 3er A\u00f1o<\/a><\/p>\n\n\n\n<p><a href=\"https:\/\/ieslvf-caba.infd.edu.ar\/sitio\/wp-content\/uploads\/2019\/06\/PROGRAMA-DE-LAA-INGL\u00c9S-4to-a\u00f1o-2019.pdf\">Ingl\u00e9s 4to A\u00f1o<\/a><\/p>\n\n\n\n<p><a href=\"https:\/\/ieslvf-caba.infd.edu.ar\/sitio\/wp-content\/uploads\/2019\/06\/PROGRAMA-DE-LAA-INGL\u00c9S-5to-a\u00f1o-2019.pdf\">Ingl\u00e9s 5to A\u00f1o<\/a><\/p>\n\n\n\n<p><strong>LENGUA ADICIONAL A BACHILLERATO BILING\u00dcE<\/strong><\/p>\n\n\n\n<p><a href=\"https:\/\/ieslvf-caba.infd.edu.ar\/sitio\/wp-content\/uploads\/2019\/06\/PROGRAMA-DE-LAA-INGL\u00c9S-1ro-4ta-BB-2019.pdf\">Ingl\u00e9s 1ro 4ta A\u00f1o<\/a><\/p>\n\n\n\n<p><a href=\"https:\/\/ieslvf-caba.infd.edu.ar\/sitio\/wp-content\/uploads\/2019\/06\/PROGRAMA-DE-LAA-INGL\u00c9S-2do-4ta-BB-2019.pdf\">Ingl\u00e9s 2do 4ta A\u00f1o<\/a><\/p>\n\n\n\n<p><a href=\"https:\/\/ieslvf-caba.infd.edu.ar\/sitio\/wp-content\/uploads\/2019\/06\/PROGRAMA-DE-LAA-INGLES-3ro-2da-BB-2019.pdf\">Ingl\u00e9s 3ro 2da A\u00f1o<\/a><\/p>\n\n\n\n<p><a href=\"https:\/\/ieslvf-caba.infd.edu.ar\/sitio\/wp-content\/uploads\/2019\/06\/PROGRAMA-DE-LAA-INGL\u00c9S-4to-2da-BB-2019.pdf\">Ingl\u00e9s 4to 2da A\u00f1o<\/a><\/p>\n\n\n\n<p><strong>LENGUA ADICIONAL B<\/strong><\/p>\n\n\n\n<p><a href=\"https:\/\/ieslvf-caba.infd.edu.ar\/sitio\/wp-content\/uploads\/2019\/06\/PROGRAMA-DE-LAB-INGL\u00c9S-3er-a\u00f1o-2019.pdf\">Ingl\u00e9s 3er A\u00f1o<\/a><\/p>\n\n\n\n<p><a href=\"https:\/\/ieslvf-caba.infd.edu.ar\/sitio\/wp-content\/uploads\/2019\/06\/PROGRAMA-DE-LAB-INGLES-4to-1ra-2019.pdf\">Ingl\u00e9s 4to 1ra A\u00f1o<\/a><\/p>\n\n\n\n<p><a href=\"https:\/\/ieslvf-caba.infd.edu.ar\/sitio\/wp-content\/uploads\/2019\/06\/PROGRAMA-DE-LAB-INGL\u00c9S-4to-3ra-2019.pdf\">Ingl\u00e9s 4to 3ra A\u00f1o<\/a><\/p>\n\n\n\n<p><a href=\"https:\/\/ieslvf-caba.infd.edu.ar\/sitio\/wp-content\/uploads\/2019\/06\/PROGRAMA-DE-LAB-INGL\u00c9S-4to-4ta-2019.pdf\">Ingl\u00e9s 4to 4ta A\u00f1o<\/a><\/p>\n\n\n\n<p><a href=\"https:\/\/ieslvf-caba.infd.edu.ar\/sitio\/wp-content\/uploads\/2019\/06\/PROGRAMA-DE-LAB-INGL\u00c9S-5to-1ra-2019.pdf\">Ingl\u00e9s 5to 1ra A\u00f1o<\/a><\/p>\n\n\n\n<p><a href=\"https:\/\/ieslvf-caba.infd.edu.ar\/sitio\/wp-content\/uploads\/2019\/06\/PROGRAMA-DE-LAB-INGL\u00c9S-5to-2da-2019.pdf\">Ingl\u00e9s 5to 2da A\u00f1o<\/a><\/p>\n\n\n\n<p><a href=\"https:\/\/ieslvf-caba.infd.edu.ar\/sitio\/wp-content\/uploads\/2019\/06\/PROGRAMA-DE-LAB-INGLES-5to-3ra-2019.pdf\">Ingl\u00e9s 5to 3ra A\u00f1o<\/a><\/p>\n\n\n\n<p><a href=\"https:\/\/ieslvf-caba.infd.edu.ar\/sitio\/wp-content\/uploads\/2019\/06\/PROGRAMA-DE-LAB-INGLES-5to-4ta-2019.pdf\">Ingl\u00e9s 5to 4ta A\u00f1o<\/a><\/p>\n\n\n\n<p><strong>PROFUNDIZACI\u00d3N DE LA LENGUA<\/strong><\/p>\n\n\n\n<p><a href=\"https:\/\/ieslvf-caba.infd.edu.ar\/sitio\/wp-content\/uploads\/2019\/06\/PROGRAMA-PROFUNDIZACION-LAA-INGLES-4to-a\u00f1o-2019.pdf\">Ingl\u00e9s Profundizaci\u00f3n 4to A\u00f1o<\/a><\/p>\n\n\n\n<p><a href=\"https:\/\/ieslvf-caba.infd.edu.ar\/sitio\/wp-content\/uploads\/2019\/06\/PROGRAMA-PROFUNDIZACION-LAA-INGLES-5to-a\u00f1o2019.pdf\">Ingl\u00e9s Profundizaci\u00f3n 5to A\u00f1o<\/a><\/p>\n\n\n\n<p><strong>LENGUA ADICIONAL C ALEM\u00c1N<\/strong><\/p>\n\n\n\n<p><a href=\"https:\/\/ieslvf-caba.infd.edu.ar\/sitio\/wp-content\/uploads\/2019\/06\/PROGRAMA-DE-LAC-ALEMAN-3ero-1era-2019.pdf\">Alem\u00e1n 3er A\u00f1o<\/a><\/p>\n\n\n\n<p><a href=\"https:\/\/ieslvf-caba.infd.edu.ar\/sitio\/wp-content\/uploads\/2019\/06\/PROGRAMA-DE-LAC-ALEMAN-4to-1era-2019.pdf\">Alem\u00e1n 4to A\u00f1o<\/a><\/p>\n\n\n\n<p><a href=\"https:\/\/ieslvf-caba.infd.edu.ar\/sitio\/wp-content\/uploads\/2019\/06\/PROGRAMA-DE-LAC-ALEMAN-5to-a\u00f1o-2019.pdf\">Alem\u00e1n 5to A\u00f1o<\/a><\/p>\n\n\n\n<p><em><strong>LENGUA ADICIONAL FRANC\u00c9S<\/strong><\/em><\/p>\n\n\n\n<p><strong>LENGUA ADICIONAL A&nbsp;<\/strong><\/p>\n\n\n\n<p><a href=\"https:\/\/ieslvf-caba.infd.edu.ar\/sitio\/wp-content\/uploads\/2019\/06\/programa-Franc\u00e9s-A-1\u00ba-2019.doc\">Franc\u00e9s 1er A\u00f1o<\/a><\/p>\n\n\n\n<p><a href=\"https:\/\/ieslvf-caba.infd.edu.ar\/sitio\/wp-content\/uploads\/2019\/06\/Programa-franc\u00e9s-A-2do-2019.docx\">Franc\u00e9s 2do A\u00f1o<\/a><\/p>\n\n\n\n<p><a href=\"https:\/\/ieslvf-caba.infd.edu.ar\/sitio\/wp-content\/uploads\/2019\/06\/Programa-Frances-A-3er-a\u00f1oLVJRF2019.doc\">Franc\u00e9s 3er A\u00f1o<\/a><\/p>\n\n\n\n<p><a href=\"https:\/\/ieslvf-caba.infd.edu.ar\/sitio\/wp-content\/uploads\/2019\/06\/Programa-Frances-A-4\u00b0-2019.doc\">Franc\u00e9s 4to A\u00f1o<\/a><\/p>\n\n\n\n<p><a href=\"https:\/\/ieslvf-caba.infd.edu.ar\/sitio\/wp-content\/uploads\/2019\/07\/Frances-LAA-5t0.pdf\">Franc\u00e9s 5to A\u00f1o<\/a><\/p>\n\n\n\n<p><strong>LENGUA ADICIONAL B<\/strong><\/p>\n\n\n\n<p><a href=\"https:\/\/ieslvf-caba.infd.edu.ar\/sitio\/wp-content\/uploads\/2019\/07\/Frances-LAB3ro.pdf\">Franc\u00e9s 3er A\u00f1o<\/a><\/p>\n\n\n\n<p><a href=\"https:\/\/ieslvf-caba.infd.edu.ar\/sitio\/wp-content\/uploads\/2019\/06\/programa-Frances-B-4to-2019.doc\">Franc\u00e9s 4to A\u00f1o<\/a><\/p>\n\n\n\n<p><a href=\"https:\/\/ieslvf-caba.infd.edu.ar\/sitio\/wp-content\/uploads\/2019\/07\/Farnces-LAB-5to.pdf\">Franc\u00e9s 5to A\u00f1o<\/a><\/p>\n\n\n\n<p><strong>PROFUNDIZACI\u00d3N DE LA LENGUA<\/strong><\/p>\n\n\n\n<p>Franc\u00e9s Profundizaci\u00f3n 4to A\u00f1o<\/p>\n\n\n\n<p><a href=\"https:\/\/ieslvf-caba.infd.edu.ar\/sitio\/wp-content\/uploads\/2019\/06\/Programa-5to-profundizaci\u00f3n-2019.docx\">Franc\u00e9s Profundizaci\u00f3n 5to A\u00f1o<\/a><\/p>\n\n\n\n<p><strong>LENGUA ADICIONAL C PORTUGU\u00c9S<\/strong><\/p>\n\n\n\n<p><a href=\"https:\/\/ieslvf-caba.infd.edu.ar\/sitio\/wp-content\/uploads\/2019\/06\/programa-port-C-3ro-1ra-2019.pdf\">Portugu\u00e9s 3er A\u00f1o<\/a><\/p>\n\n\n\n<p><a href=\"https:\/\/ieslvf-caba.infd.edu.ar\/sitio\/wp-content\/uploads\/2019\/06\/programa-port-C-4to-1ra-2019.pdf\">Portugu\u00e9s 4to A\u00f1o<\/a><\/p>\n\n\n\n<p><a href=\"https:\/\/ieslvf-caba.infd.edu.ar\/sitio\/wp-content\/uploads\/2019\/06\/programa-port-C-5to-1ra-2019.pdf\">Portugu\u00e9s 5to 1ra A\u00f1o<\/a><\/p>\n\n\n\n<p><a href=\"https:\/\/ieslvf-caba.infd.edu.ar\/sitio\/wp-content\/uploads\/2019\/06\/programa-port-C-5to-2da-2019.pdf\">Portugu\u00e9s 5to 2da A\u00f1o<\/a><\/p>\n\n\n\n<p><strong>BIOLOG\u00cdA<\/strong><\/p>\n\n\n\n<p><a href=\"https:\/\/ieslvf-caba.infd.edu.ar\/sitio\/wp-content\/uploads\/2021\/08\/PROGRAMA-BIOLOGIA-1%C2%B01%C2%B0-1%C2%B02%C2%B0-1%C2%B03%C2%B0-ANO-2021.docx.pdf\">Biolog\u00eda 1er a\u00f1o<\/a><\/p>\n\n\n\n<p><a href=\"https:\/\/ieslvf-caba.infd.edu.ar\/sitio\/wp-content\/uploads\/2021\/08\/PROGRAMA-BIOLOGIA-2%C2%B02%C2%B0-2%C2%B03%C2%B0-ANO-2021.docx.pdf\">Biolog\u00eda 2do a\u00f1o<\/a><\/p>\n\n\n\n<p><a href=\"https:\/\/ieslvf-caba.infd.edu.ar\/sitio\/wp-content\/uploads\/2021\/08\/PROGRAMA-BIOLOGIA-3%C2%B01%C2%B0-ANO-2021.docx.pdf\">Biolog\u00eda 3er a\u00f1o<\/a><\/p>\n\n\n\n<p><strong>QU\u00cdMICA<\/strong><\/p>\n\n\n\n<p><a href=\"https:\/\/ieslvf-caba.infd.edu.ar\/sitio\/wp-content\/uploads\/2019\/06\/programacion-anual-2010-.pdf\">Qu\u00edmica 5to A\u00f1o<\/a><\/p>\n\n\n\n<p><strong>MATERIAS ESPEC\u00cdFICAS DEL BACHILLERATO DE MATEM\u00c1TICA Y F\u00cdSICA<\/strong><\/p>\n\n\n\n<p><strong>CIENCIA EN CONTEXTO&nbsp;<\/strong><\/p>\n\n\n\n<p><a href=\"https:\/\/ieslvf-caba.infd.edu.ar\/sitio\/wp-content\/uploads\/2019\/06\/Programa-Ciencia-en-contexto.pdf\">Ciencia en Contexto<\/a><\/p>\n\n\n\n<p><strong>LABORATORIO DE MATEMATICA<\/strong><\/p>\n\n\n\n<p><a href=\"https:\/\/ieslvf-caba.infd.edu.ar\/sitio\/wp-content\/uploads\/2019\/06\/Programa-Lab-de-Matematica-.pdf\">Laboratorio de Matem\u00e1tica<\/a><\/p>\n\n\n\n<p><strong>EDUCACI\u00d3N CIUDADANA<\/strong><\/p>\n\n\n\n<p>Educaci\u00f3n Ciudadana 2do A\u00f1o<\/p>\n\n\n\n<p><strong>GEOGRAF\u00cdA<\/strong><\/p>\n\n\n\n<p>Geograf\u00eda 1er a\u00f1o<\/p>\n\n\n\n<p>Geograf\u00eda 2do a\u00f1o<\/p>\n\n\n\n<p>Geograf\u00eda 3er a\u00f1o<\/p>\n\n\n\n<p>Geograf\u00eda 4to a\u00f1o<\/p>\n\n\n\n<p>Geograf\u00eda 5to a\u00f1o<\/p>\n\n\n\n<p><a href=\"upload\/Geografia_3ro_4ta.pdf\" target=\"_blank\" rel=\"noreferrer noopener\">&nbsp;<\/a><\/p>\n\n\n\n<p><strong>L\u00d3GICA<\/strong><\/p>\n\n\n\n<p>L\u00f3gica 5to 1ra y 2da<\/p>\n\n\n\n<p><strong>CONTABILIDAD<\/strong><\/p>\n\n\n\n<p>Contabilidad.pdf<\/p>\n","protected":false},"excerpt":{"rendered":"<p>Haga click para descargar MATEM\u00c1TICA Matem\u00e1tica 1er a\u00f1o Matem\u00e1tica 2do a\u00f1o Matem\u00e1tica 3er a\u00f1o Matem\u00e1tica 4to a\u00f1o&nbsp; Matem\u00e1tica 5to a\u00f1o&nbsp; LENGUA Y&nbsp;LITERATURA Lengua 1er A\u00f1o Lengua 2do A\u00f1o Lengua 3er A\u00f1o Lengua y Literatura 4to A\u00f1o Lengua y Literatura 5to A\u00f1o LENGUA ADICIONAL INGL\u00c9S LENGUA ADICIONAL A Ingl\u00e9s 1er A\u00f1o Ingl\u00e9s 2do A\u00f1o Ingl\u00e9s 3er &#8230; <a title=\"Programas vigentes hasta 2020 (2021)\" class=\"read-more\" href=\"https:\/\/ieslvf-caba.infd.edu.ar\/sitio\/programas-vigentes-hasta-2020-2021\/\" aria-label=\"More on Programas vigentes hasta 2020 (2021)\">[+]<\/a><\/p>\n","protected":false},"author":2900,"featured_media":0,"parent":0,"menu_order":0,"comment_status":"closed","ping_status":"closed","template":"","meta":[],"acf":[],"_links":{"self":[{"href":"https:\/\/ieslvf-caba.infd.edu.ar\/sitio\/wp-json\/wp\/v2\/pages\/10603"}],"collection":[{"href":"https:\/\/ieslvf-caba.infd.edu.ar\/sitio\/wp-json\/wp\/v2\/pages"}],"about":[{"href":"https:\/\/ieslvf-caba.infd.edu.ar\/sitio\/wp-json\/wp\/v2\/types\/page"}],"author":[{"embeddable":true,"href":"https:\/\/ieslvf-caba.infd.edu.ar\/sitio\/wp-json\/wp\/v2\/users\/2900"}],"replies":[{"embeddable":true,"href":"https:\/\/ieslvf-caba.infd.edu.ar\/sitio\/wp-json\/wp\/v2\/comments?post=10603"}],"version-history":[{"count":1,"href":"https:\/\/ieslvf-caba.infd.edu.ar\/sitio\/wp-json\/wp\/v2\/pages\/10603\/revisions"}],"predecessor-version":[{"id":10605,"href":"https:\/\/ieslvf-caba.infd.edu.ar\/sitio\/wp-json\/wp\/v2\/pages\/10603\/revisions\/10605"}],"wp:attachment":[{"href":"https:\/\/ieslvf-caba.infd.edu.ar\/sitio\/wp-json\/wp\/v2\/media?parent=10603"}],"curies":[{"name":"wp","href":"https:\/\/api.w.org\/{rel}","templated":true}]}}