{"id":11114,"date":"2021-10-22T15:49:51","date_gmt":"2021-10-22T18:49:51","guid":{"rendered":"https:\/\/ieslvf-caba.infd.edu.ar\/sitio\/?page_id=11114"},"modified":"2024-12-17T20:25:53","modified_gmt":"2024-12-17T23:25:53","slug":"el-lenguas-proyectos-institucionales","status":"publish","type":"page","link":"https:\/\/ieslvf-caba.infd.edu.ar\/sitio\/el-lenguas-proyectos-institucionales\/","title":{"rendered":"\u201cEl Lenguas\u201d: proyectos institucionales"},"content":{"rendered":"\n<div class=\"wp-block-cover alignwide is-position-center-center\" style=\"min-height:138px\"><span aria-hidden=\"true\" class=\"wp-block-cover__background has-background-dim-20 has-background-dim\"><\/span><img decoding=\"async\" loading=\"lazy\" width=\"2560\" height=\"1920\" class=\"wp-block-cover__image-background wp-image-10169\" alt=\"\" src=\"https:\/\/ieslvf-caba.infd.edu.ar\/sitio\/wp-content\/uploads\/2021\/09\/DSC01085-scaled.jpg\" style=\"object-position:40% 26%\" data-object-fit=\"cover\" data-object-position=\"40% 26%\" srcset=\"https:\/\/ieslvf-caba.infd.edu.ar\/sitio\/wp-content\/uploads\/2021\/09\/DSC01085-scaled.jpg 2560w, https:\/\/ieslvf-caba.infd.edu.ar\/sitio\/wp-content\/uploads\/2021\/09\/DSC01085-1000x750.jpg 1000w, https:\/\/ieslvf-caba.infd.edu.ar\/sitio\/wp-content\/uploads\/2021\/09\/DSC01085-1900x1425.jpg 1900w, https:\/\/ieslvf-caba.infd.edu.ar\/sitio\/wp-content\/uploads\/2021\/09\/DSC01085-768x576.jpg 768w, https:\/\/ieslvf-caba.infd.edu.ar\/sitio\/wp-content\/uploads\/2021\/09\/DSC01085-1536x1152.jpg 1536w, https:\/\/ieslvf-caba.infd.edu.ar\/sitio\/wp-content\/uploads\/2021\/09\/DSC01085-2048x1536.jpg 2048w\" sizes=\"(max-width: 2560px) 100vw, 2560px\" \/><div class=\"wp-block-cover__inner-container\">\n<p class=\"has-text-align-center has-text-color\" id=\"arriba\" style=\"color:#fffffa;font-size:40px;line-height:1.1\"><strong>\u201cEl Lenguas\u201d: proyectos institucionales<\/strong><\/p>\n<\/div><\/div>\n\n\n\n<h4 class=\"wp-block-heading\">Suplemento de la Revista Lenguas V;vas<\/h4>\n\n\n\n<figure class=\"wp-block-table alignwide\"><table><tbody><tr><td class=\"has-text-align-center\" data-align=\"center\">N\u00famero 10<br><img decoding=\"async\" loading=\"lazy\" width=\"1276\" height=\"1651\" class=\"wp-image-19112\" style=\"width: 90px;\" src=\"https:\/\/ieslvf-caba.infd.edu.ar\/sitio\/wp-content\/uploads\/2024\/12\/Tapa-suplemento-10-01.png\" alt=\"\" srcset=\"https:\/\/ieslvf-caba.infd.edu.ar\/sitio\/wp-content\/uploads\/2024\/12\/Tapa-suplemento-10-01.png 1276w, https:\/\/ieslvf-caba.infd.edu.ar\/sitio\/wp-content\/uploads\/2024\/12\/Tapa-suplemento-10-01-773x1000.png 773w, https:\/\/ieslvf-caba.infd.edu.ar\/sitio\/wp-content\/uploads\/2024\/12\/Tapa-suplemento-10-01-768x994.png 768w, https:\/\/ieslvf-caba.infd.edu.ar\/sitio\/wp-content\/uploads\/2024\/12\/Tapa-suplemento-10-01-1187x1536.png 1187w\" sizes=\"(max-width: 1276px) 100vw, 1276px\" \/><\/td><td><a href=\"https:\/\/ieslvf-caba.infd.edu.ar\/sitio\/wp-content\/uploads\/2024\/12\/Suplemento_10.pdf\" target=\"_blank\" rel=\"noreferrer noopener\">Presente y Pasado: Voces y retratos de docentes que dejaron huella<\/a><\/td><\/tr><tr><td class=\"has-text-align-center\" data-align=\"center\">N\u00famero 9<br><img decoding=\"async\" loading=\"lazy\" width=\"1276\" height=\"1651\" class=\"wp-image-15475\" style=\"width: 90px;\" src=\"https:\/\/ieslvf-caba.infd.edu.ar\/sitio\/wp-content\/uploads\/2023\/05\/Tapa-suplemento-9-01.png\" alt=\"\" srcset=\"https:\/\/ieslvf-caba.infd.edu.ar\/sitio\/wp-content\/uploads\/2023\/05\/Tapa-suplemento-9-01.png 1276w, https:\/\/ieslvf-caba.infd.edu.ar\/sitio\/wp-content\/uploads\/2023\/05\/Tapa-suplemento-9-01-773x1000.png 773w, https:\/\/ieslvf-caba.infd.edu.ar\/sitio\/wp-content\/uploads\/2023\/05\/Tapa-suplemento-9-01-768x994.png 768w, https:\/\/ieslvf-caba.infd.edu.ar\/sitio\/wp-content\/uploads\/2023\/05\/Tapa-suplemento-9-01-1187x1536.png 1187w\" sizes=\"(max-width: 1276px) 100vw, 1276px\" \/><\/td><td><a href=\"https:\/\/ieslvf-caba.infd.edu.ar\/sitio\/wp-content\/uploads\/2023\/05\/Revista-LV-Suplemento-9.pdf\" target=\"_blank\" rel=\"noreferrer noopener\">Superficies de contacto: el Lenguas Vivas y su entorno<\/a><\/td><\/tr><tr><td class=\"has-text-align-center\" data-align=\"center\">N\u00famero 8<br><img decoding=\"async\" loading=\"lazy\" width=\"1276\" height=\"1651\" class=\"wp-image-14126\" style=\"width: 90px;\" src=\"https:\/\/ieslvf-caba.infd.edu.ar\/sitio\/wp-content\/uploads\/2022\/10\/Tapa-suplemento-8-01-1.png\" alt=\"\" srcset=\"https:\/\/ieslvf-caba.infd.edu.ar\/sitio\/wp-content\/uploads\/2022\/10\/Tapa-suplemento-8-01-1.png 1276w, https:\/\/ieslvf-caba.infd.edu.ar\/sitio\/wp-content\/uploads\/2022\/10\/Tapa-suplemento-8-01-1-773x1000.png 773w, https:\/\/ieslvf-caba.infd.edu.ar\/sitio\/wp-content\/uploads\/2022\/10\/Tapa-suplemento-8-01-1-768x994.png 768w, https:\/\/ieslvf-caba.infd.edu.ar\/sitio\/wp-content\/uploads\/2022\/10\/Tapa-suplemento-8-01-1-1187x1536.png 1187w\" sizes=\"(max-width: 1276px) 100vw, 1276px\" \/><\/td><td><a href=\"https:\/\/ieslvf-caba.infd.edu.ar\/sitio\/wp-content\/uploads\/2022\/10\/Revista-LV-Suplemento-8_10.pdf\" target=\"_blank\" rel=\"noreferrer noopener\">El factor social<br>Selecci\u00f3n de textos de sociolog\u00eda de la traducci\u00f3n<\/a><\/td><\/tr><tr><td class=\"has-text-align-center\" data-align=\"center\">N\u00famero especial<br><img decoding=\"async\" src=\"https:\/\/ieslvf-caba.infd.edu.ar\/sitio\/wp-content\/uploads\/2021\/10\/numero-especial-EOTL.jpg\" alt=\"La imagen tiene un atributo ALT vac\u00edo; su nombre de archivo es numero-especial-EOTL.jpg\" style=\"width: 90px;\"><br><\/td><td><a rel=\"noreferrer noopener\" href=\"https:\/\/ieslvf-caba.infd.edu.ar\/sitio\/wp-content\/uploads\/2021\/09\/Revista-EOTL_24-08-2021.pdf\" target=\"_blank\">N\u00famero especial, LOS PRIMEROS CINCO A\u00d1OS DE LA EOTL<\/a><\/td><\/tr><tr><td class=\"has-text-align-center\" data-align=\"center\">N\u00famero 7<br><img decoding=\"async\" src=\"https:\/\/ieslvf-caba.infd.edu.ar\/sitio\/wp-content\/uploads\/2021\/01\/Sup.7-775x1000.png\" alt=\"La imagen tiene un atributo ALT vac\u00edo; su nombre de archivo es Sup.7-775x1000.png\" style=\"width: 90px;\"><\/td><td><a href=\"https:\/\/ieslvf-caba.infd.edu.ar\/sitio\/wp-content\/uploads\/2021\/01\/suplemento-\u201cEl-Lenguas\u201d-7.pdf\" target=\"_blank\" rel=\"noreferrer noopener\">UMBRALES Las residencias de traducci\u00f3n del Lenguas Vivas<\/a><\/td><\/tr><tr><td class=\"has-text-align-center\" data-align=\"center\">N\u00famero 6<br><img decoding=\"async\" src=\"https:\/\/ieslvf-caba.infd.edu.ar\/sitio\/wp-content\/uploads\/2019\/12\/imagen-Suplemento-6.png\" alt=\"La imagen tiene un atributo ALT vac\u00edo; su nombre de archivo es imagen-Suplemento-6.png\" style=\"width: 90px;\"><\/td><td><a href=\"https:\/\/ieslvf-caba.infd.edu.ar\/sitio\/wp-content\/uploads\/2019\/12\/SUPLEMENTO-6-2019_Online.pdf\" target=\"_blank\" rel=\"noreferrer noopener\">El portugu\u00e9s en El Lenguas, investigaciones, apuntes, experiencias<\/a><\/td><\/tr><tr><td class=\"has-text-align-center\" data-align=\"center\">N\u00famero 5<br><img decoding=\"async\" src=\"https:\/\/ieslvf-caba.infd.edu.ar\/sitio\/wp-content\/uploads\/2019\/02\/Captura-de-pantalla-2019-02-19-a-las-10.47.14-AM.png\" style=\"width: 90px;\"><\/td><td><a href=\"https:\/\/ieslvf-caba.infd.edu.ar\/sitio\/wp-content\/uploads\/2018\/12\/Dossier_2018_Online.pdf\" target=\"_blank\" rel=\"noreferrer noopener\">\u00bfTerminal terciario? Los Institutos de Educaci\u00f3n Superior en el&nbsp; sistema educativo Historia, situaci\u00f3n actual y perspectivas<\/a><\/td><\/tr><tr><td class=\"has-text-align-center\" data-align=\"center\">N\u00famero 4<br><img decoding=\"async\" src=\"https:\/\/ieslvf-caba.infd.edu.ar\/sitio\/wp-content\/uploads\/2018\/08\/1g3iBAT0CxEsHimagen_incrustada1.png\" alt=\"La imagen tiene un atributo ALT vac\u00edo; su nombre de archivo es 1g3iBAT0CxEsHimagen_incrustada1.png\" style=\"width: 90px;\"><\/td><td><a href=\"https:\/\/ieslvf-caba.infd.edu.ar\/sitio\/wp-content\/uploads\/2021\/10\/suplemento-04.pdf\" target=\"_blank\" rel=\"noreferrer noopener\">Vivir entre lenguas. La lengua espa\u00f1ola en di\u00e1logo con otras lenguas<\/a><\/td><\/tr><tr><td class=\"has-text-align-center\" data-align=\"center\">N\u00famero 3<br><img decoding=\"async\" src=\"https:\/\/ieslvf-caba.infd.edu.ar\/sitio\/wp-content\/uploads\/2018\/08\/30MQ46900HGwOimagen_incrustada1.png\" alt=\"La imagen tiene un atributo ALT vac\u00edo; su nombre de archivo es 30MQ46900HGwOimagen_incrustada1.png\" style=\"width: 90px;\"><\/td><td><a href=\"https:\/\/ieslvf-caba.infd.edu.ar\/sitio\/wp-content\/uploads\/2021\/10\/suplemento-03.pdf\" target=\"_blank\" rel=\"noreferrer noopener\">Descripci\u00f3n de la interrogaci\u00f3n directa en franc\u00e9s, su uso por hipanohablantes: hacia un estudio contrastivo y traductol\u00f3gico de sus aspectos sint\u00e1cticos, sem\u00e1ntico-pragm\u00e1ticos y discursivos<\/a><\/td><\/tr><tr><td class=\"has-text-align-center\" data-align=\"center\">&nbsp;N\u00famero 2<br><img decoding=\"async\" src=\"https:\/\/ieslvf-caba.infd.edu.ar\/sitio\/wp-admin\/upload\/RLV_numero_especial_2.png\" alt=\"La imagen tiene un atributo ALT vac\u00edo\" style=\"width: 90px;\"><\/td><td><a href=\"https:\/\/ieslvf-caba.infd.edu.ar\/sitio\/wp-content\/uploads\/2021\/10\/suplemento-02.pdf\" target=\"_blank\" rel=\"noreferrer noopener\">Miradas sobre algunas traducciones argentinas de producciones culturales alemanas<\/a><\/td><\/tr><tr><td class=\"has-text-align-center\" data-align=\"center\">N\u00famero 1<br><img decoding=\"async\" src=\"https:\/\/ieslvf-caba.infd.edu.ar\/sitio\/wp-admin\/upload\/RLV_numero_especial_1.png\" alt=\"La imagen tiene un atributo ALT vac\u00edo\" style=\"width: 90px;\"><\/td><td><a href=\"https:\/\/ieslvf-caba.infd.edu.ar\/sitio\/wp-content\/uploads\/2021\/10\/suplemento-01.pdf\" target=\"_blank\" rel=\"noreferrer noopener\">Celebrating Shakespeare<\/a><\/td><\/tr><\/tbody><\/table><\/figure>\n\n\n\n<p class=\"has-pale-cyan-blue-background-color has-background\"><strong>Los suplementos&nbsp;1, 2, 4 y 5&nbsp;est\u00e1n en formato papel y se pueden adquirir en la Cooperadora del Instituto.<\/strong><\/p>\n\n\n\n<h2 class=\"wp-block-heading\">Archivo hist\u00f3rico<\/h2>\n\n\n\n<figure class=\"wp-block-table alignwide\"><table><tbody><tr><td class=\"has-text-align-center\" data-align=\"center\"><a href=\"https:\/\/drive.google.com\/file\/d\/1vhaNbWcX1Syyiah_VsqV_bry9usOKK_g\/view\" target=\"_blank\" rel=\"noreferrer noopener\"><img decoding=\"async\" loading=\"lazy\" width=\"804\" height=\"800\" class=\"wp-image-16346\" style=\"width: 90px;\" src=\"https:\/\/ieslvf-caba.infd.edu.ar\/sitio\/wp-content\/uploads\/2023\/11\/mora.jpg\" alt=\"\" srcset=\"https:\/\/ieslvf-caba.infd.edu.ar\/sitio\/wp-content\/uploads\/2023\/11\/mora.jpg 804w, https:\/\/ieslvf-caba.infd.edu.ar\/sitio\/wp-content\/uploads\/2023\/11\/mora-768x764.jpg 768w\" sizes=\"(max-width: 804px) 100vw, 804px\" \/><\/a><\/td><td><a rel=\"noreferrer noopener\" href=\"https:\/\/drive.google.com\/file\/d\/1vhaNbWcX1Syyiah_VsqV_bry9usOKK_g\/view?usp=drive_link\" target=\"_blank\">Homenaje a Mora Pomares de Pezzutti (2005)<\/a><\/td><\/tr><tr><td class=\"has-text-align-center\" data-align=\"center\"><a href=\"https:\/\/fondodocumentallv.com.ar\/revista-lenguas-vivas-n-20-75-aniversario-de-la-fundacion-del-profesorado-1904-1979\/\" target=\"_blank\" rel=\"noreferrer noopener\"><img decoding=\"async\" loading=\"lazy\" width=\"1465\" height=\"1431\" class=\"wp-image-16349\" style=\"width: 90px;\" src=\"https:\/\/ieslvf-caba.infd.edu.ar\/sitio\/wp-content\/uploads\/2023\/11\/El-Lenguas-Vivas-002.jpg\" alt=\"\" srcset=\"https:\/\/ieslvf-caba.infd.edu.ar\/sitio\/wp-content\/uploads\/2023\/11\/El-Lenguas-Vivas-002.jpg 1465w, https:\/\/ieslvf-caba.infd.edu.ar\/sitio\/wp-content\/uploads\/2023\/11\/El-Lenguas-Vivas-002-1000x977.jpg 1000w, https:\/\/ieslvf-caba.infd.edu.ar\/sitio\/wp-content\/uploads\/2023\/11\/El-Lenguas-Vivas-002-768x750.jpg 768w\" sizes=\"(max-width: 1465px) 100vw, 1465px\" \/><\/a><\/td><td><a rel=\"noreferrer noopener\" href=\"https:\/\/fondodocumentallv.com.ar\/revista-lenguas-vivas-n-20-75-aniversario-de-la-fundacion-del-profesorado-1904-1979\/\" target=\"_blank\">N\u00famero extraordinario El Lenguas Vivas: una tradici\u00f3n educativa (1982) &#8211; Versi\u00f3n JPG<\/a><br><a href=\"https:\/\/drive.google.com\/file\/d\/1R4VCymVQ7P7a4ocV3OdqXYNgH9xo8B0c\/view\" target=\"_blank\" rel=\"noreferrer noopener\">N\u00famero extraordinario El Lenguas Vivas: una tradici\u00f3n educativa (1982) &#8211; Versi\u00f3n PDF<\/a><\/td><\/tr><\/tbody><\/table><\/figure>\n\n\n\n<p><a href=\"#arriba\">Volver arriba<\/a><\/p>\n","protected":false},"excerpt":{"rendered":"<p>Suplemento de la Revista Lenguas V;vas N\u00famero 10 Presente y Pasado: Voces y retratos de docentes que dejaron huella N\u00famero 9 Superficies de contacto: el Lenguas Vivas y su entorno N\u00famero 8 El factor socialSelecci\u00f3n de textos de sociolog\u00eda de la traducci\u00f3n N\u00famero especial N\u00famero especial, LOS PRIMEROS CINCO A\u00d1OS DE LA EOTL N\u00famero 7 &#8230; <a title=\"\u201cEl Lenguas\u201d: proyectos institucionales\" class=\"read-more\" href=\"https:\/\/ieslvf-caba.infd.edu.ar\/sitio\/el-lenguas-proyectos-institucionales\/\" aria-label=\"More on \u201cEl Lenguas\u201d: proyectos institucionales\">[+]<\/a><\/p>\n","protected":false},"author":2900,"featured_media":0,"parent":0,"menu_order":0,"comment_status":"closed","ping_status":"closed","template":"","meta":[],"acf":[],"_links":{"self":[{"href":"https:\/\/ieslvf-caba.infd.edu.ar\/sitio\/wp-json\/wp\/v2\/pages\/11114"}],"collection":[{"href":"https:\/\/ieslvf-caba.infd.edu.ar\/sitio\/wp-json\/wp\/v2\/pages"}],"about":[{"href":"https:\/\/ieslvf-caba.infd.edu.ar\/sitio\/wp-json\/wp\/v2\/types\/page"}],"author":[{"embeddable":true,"href":"https:\/\/ieslvf-caba.infd.edu.ar\/sitio\/wp-json\/wp\/v2\/users\/2900"}],"replies":[{"embeddable":true,"href":"https:\/\/ieslvf-caba.infd.edu.ar\/sitio\/wp-json\/wp\/v2\/comments?post=11114"}],"version-history":[{"count":20,"href":"https:\/\/ieslvf-caba.infd.edu.ar\/sitio\/wp-json\/wp\/v2\/pages\/11114\/revisions"}],"predecessor-version":[{"id":19135,"href":"https:\/\/ieslvf-caba.infd.edu.ar\/sitio\/wp-json\/wp\/v2\/pages\/11114\/revisions\/19135"}],"wp:attachment":[{"href":"https:\/\/ieslvf-caba.infd.edu.ar\/sitio\/wp-json\/wp\/v2\/media?parent=11114"}],"curies":[{"name":"wp","href":"https:\/\/api.w.org\/{rel}","templated":true}]}}