{"id":12464,"date":"2022-03-29T11:32:38","date_gmt":"2022-03-29T14:32:38","guid":{"rendered":"https:\/\/ieslvf-caba.infd.edu.ar\/sitio\/?page_id=12464"},"modified":"2022-09-26T12:39:44","modified_gmt":"2022-09-26T15:39:44","slug":"programas-vigentes-2022-nivel-medio","status":"publish","type":"page","link":"https:\/\/ieslvf-caba.infd.edu.ar\/sitio\/programas-vigentes-2022-nivel-medio\/","title":{"rendered":"Programas vigentes 2022 &#8211; Nivel medio"},"content":{"rendered":"\n<div class=\"wp-block-cover alignwide has-background-dim-20 has-background-dim is-position-center-center\" style=\"min-height:100px\"><img decoding=\"async\" loading=\"lazy\" width=\"1000\" height=\"667\" class=\"wp-block-cover__image-background wp-image-10608\" alt=\"\" src=\"https:\/\/ieslvf-caba.infd.edu.ar\/sitio\/wp-content\/uploads\/2021\/09\/pexels-lumn-167682.jpg\" style=\"object-position:50% 69%\" data-object-fit=\"cover\" data-object-position=\"50% 69%\" srcset=\"https:\/\/ieslvf-caba.infd.edu.ar\/sitio\/wp-content\/uploads\/2021\/09\/pexels-lumn-167682.jpg 1000w, https:\/\/ieslvf-caba.infd.edu.ar\/sitio\/wp-content\/uploads\/2021\/09\/pexels-lumn-167682-768x512.jpg 768w\" sizes=\"(max-width: 1000px) 100vw, 1000px\" \/><div class=\"wp-block-cover__inner-container\">\n<p class=\"has-text-align-center has-text-color\" style=\"color:#fffffa;font-size:40px;line-height:1.1\"><strong>Programas vigentes 2022<\/strong><\/p>\n<\/div><\/div>\n\n\n\n<p class=\"has-text-align-center has-medium-font-size\"><\/p>\n\n\n\n<pre class=\"wp-block-preformatted has-medium-font-size\"><span style=\"color:#0e27e1\" class=\"has-inline-color\">                                                                            <strong>CICLO B\u00c1SICO<\/strong> <strong>COM\u00daN<\/strong><\/span><\/pre>\n\n\n\n<div class=\"wp-block-columns is-layout-flex wp-container-3\">\n<div class=\"wp-block-column is-layout-flow\">\n<pre class=\"wp-block-verse has-text-align-center has-medium-font-size\"><strong><span class=\"has-inline-color has-vivid-red-color\">1ER A\u00d1O<\/span><\/strong><\/pre>\n\n\n\n<ul><li><a href=\"https:\/\/ieslvf-caba.infd.edu.ar\/sitio\/wp-content\/uploads\/2022\/03\/MATEMATICA-1er-ANO_PROGRAMA-NESSFF_2022.pdf\">MATEM\u00c1TICA<\/a><\/li><li>LENGUA Y LITERATURA<\/li><li><a rel=\"noreferrer noopener\" href=\"https:\/\/ieslvf-caba.infd.edu.ar\/sitio\/wp-content\/uploads\/2022\/08\/1-Todos-los-1%C2%B0ANO-FRANCES-LAA-Ultimo-1-1.pdf\" target=\"_blank\">LENGUA ADICIONAL FRANC\u00c9S<\/a><\/li><li><a rel=\"noreferrer noopener\" href=\"https:\/\/ieslvf-caba.infd.edu.ar\/sitio\/wp-content\/uploads\/2022\/08\/1-PROGRAMA-DE-INGLES-DE-PRIMER-ANO-2022-1.pdf\" target=\"_blank\">LENGUA ADICIONAL INGL\u00c9S<\/a><\/li><li>EDUCACI\u00d3N F\u00cdSICA<\/li><li><a href=\"https:\/\/ieslvf-caba.infd.edu.ar\/sitio\/1-biologia-_todos-los-primeros1-ano_programa-nessff_lv2022-docx\/\">BIOLOG\u00cdA<\/a><\/li><li><a href=\"https:\/\/ieslvf-caba.infd.edu.ar\/sitio\/1-historia-todos-los-1er-ano-lv-2022\/\">HISTORIA<\/a><\/li><li><a href=\"https:\/\/ieslvf-caba.infd.edu.ar\/sitio\/wp-content\/uploads\/2022\/04\/Programa-Geografia-1er-ano-2022.pdf\">GEOGRAF\u00cdA<\/a><\/li><li><a rel=\"noreferrer noopener\" href=\"https:\/\/ieslvf-caba.infd.edu.ar\/sitio\/wp-content\/uploads\/2022\/04\/PROGRAMA-FEC-1o-ANO-Lenguas-Vivas-2022.docx\" target=\"_blank\">FORMACI\u00d3N \u00c9TICA Y CIUDADANA<\/a><\/li><li>EDUCACI\u00d3N TECNOL\u00d3GICA<\/li><li>ARTES M\u00daSICA<\/li><li>ARTES PL\u00c1STICAS<\/li><li>EDI<\/li><\/ul>\n<\/div>\n\n\n\n<div class=\"wp-block-column is-layout-flow\">\n<pre class=\"wp-block-verse has-text-align-center has-medium-font-size\"><strong><span class=\"has-inline-color has-vivid-red-color\">2DO A\u00d1O<\/span><\/strong><\/pre>\n\n\n\n<ul><li><a href=\"https:\/\/ieslvf-caba.infd.edu.ar\/sitio\/wp-content\/uploads\/2022\/03\/MATEMATICA-2do-ANO_PROGRAMA-NESSFF_2022.pdf\">MATEM\u00c1TICA<\/a><\/li><li>LENGUA Y LITERATURA<\/li><li><a rel=\"noreferrer noopener\" href=\"https:\/\/ieslvf-caba.infd.edu.ar\/sitio\/wp-content\/uploads\/2022\/08\/2-Programa-FRANCES-2o-todos-2022.-1.pdf\" target=\"_blank\">LENGUA ADICIONAL FRANC\u00c9S<\/a><\/li><li>LENGUA ADICIONAL INGL\u00c9S<\/li><li>EDUCACI\u00d3N F\u00cdSICA<\/li><li><a href=\"https:\/\/ieslvf-caba.infd.edu.ar\/sitio\/2-biologia-2-todos-los-segundosano\/\">BIOLOG\u00cdA<\/a><\/li><li>HISTORIA<\/li><li><a href=\"https:\/\/ieslvf-caba.infd.edu.ar\/sitio\/wp-content\/uploads\/2022\/04\/Programa-Geografia-2do-ano-Lenguas-Vivas-2022.pdf\">GEOGRAF\u00cdA<\/a><\/li><li><a href=\"https:\/\/ieslvf-caba.infd.edu.ar\/sitio\/wp-content\/uploads\/2022\/08\/2-Todos-anos-FEC-Lenguas-Vivas-2022-2.pdf\" target=\"_blank\" rel=\"noreferrer noopener\">FORMACI\u00d3N \u00c9TICA Y CIUDADANA<\/a><\/li><li>EDUCACI\u00d3N TECNOL\u00d3GICA<\/li><li>ARTES M\u00daSICA<\/li><li>ARTES PL\u00c1STICAS<\/li><li><a rel=\"noreferrer noopener\" href=\"https:\/\/ieslvf-caba.infd.edu.ar\/sitio\/wp-content\/uploads\/2022\/08\/2-EDI-Juegos-y-Numeros-2022-2.2-2.3-2.4-1.pdf\" target=\"_blank\">EDI<\/a><\/li><\/ul>\n<\/div>\n<\/div>\n\n\n\n<pre class=\"wp-block-preformatted has-medium-font-size\">                                                            <strong><span style=\"color:#0e27e1\" class=\"has-inline-color\">CICLO B\u00c1SICO MODALIDAD BILING\u00dcE<\/span><\/strong><\/pre>\n\n\n\n<div class=\"wp-block-columns is-layout-flex wp-container-6\">\n<div class=\"wp-block-column is-layout-flow\">\n<pre class=\"wp-block-verse has-text-align-center has-medium-font-size\"><strong><span class=\"has-inline-color has-vivid-red-color\">1ER A\u00d1O<\/span><\/strong><\/pre>\n\n\n\n<ul><li><a href=\"https:\/\/ieslvf-caba.infd.edu.ar\/sitio\/wp-content\/uploads\/2022\/03\/MATEMATICA-1er-ANO_PROGRAMA-NESSFF_2022.pdf\">MATEM\u00c1TICA<\/a><\/li><li>LENGUA Y LITERATURA<\/li><li><a rel=\"noreferrer noopener\" href=\"https:\/\/ieslvf-caba.infd.edu.ar\/sitio\/wp-content\/uploads\/2022\/08\/1-Todos-los-1%C2%B0ANO-FRANCES-LAA-Ultimo-1-1.pdf\" target=\"_blank\">LENGUA ADICIONAL FRANC\u00c9S<\/a><\/li><li><a rel=\"noreferrer noopener\" href=\"https:\/\/ieslvf-caba.infd.edu.ar\/sitio\/wp-content\/uploads\/2022\/08\/1-PROGRAMA-DE-INGLES-DE-PRIMER-ANO-2022-1.pdf\" target=\"_blank\">LENGUA ADICIONAL INGL\u00c9S<\/a><\/li><li>EDUCACI\u00d3N F\u00cdSICA<\/li><li><a href=\"https:\/\/ieslvf-caba.infd.edu.ar\/sitio\/1-biologia-_todos-los-primeros1-ano_programa-nessff_lv2022-docx\/\">BIOLOG\u00cdA<\/a><\/li><li><a href=\"https:\/\/ieslvf-caba.infd.edu.ar\/sitio\/1-historia-todos-los-1er-ano-lv-2022\/\">HISTORIA<\/a><\/li><li><a href=\"https:\/\/ieslvf-caba.infd.edu.ar\/sitio\/wp-content\/uploads\/2022\/04\/Programa-Geografia-1er-ano-2022.pdf\">GEOGRAF\u00cdA<\/a><\/li><li><a rel=\"noreferrer noopener\" href=\"https:\/\/ieslvf-caba.infd.edu.ar\/sitio\/wp-content\/uploads\/2022\/04\/PROGRAMA-FEC-1o-ANO-Lenguas-Vivas-2022.docx\" target=\"_blank\">FORMACI\u00d3N \u00c9TICA Y CIUDADANA<\/a><\/li><li>EDUCACI\u00d3N TECNOL\u00d3GICA<\/li><li>ARTES M\u00daSICA<\/li><li>ARTES PL\u00c1STICAS<\/li><li>DISCURSOS EST\u00c9TICOS EN INGL\u00c9S<\/li><li>EDIC EN INGL\u00c9S<\/li><li>TIC EN INGL\u00c9S<\/li><li>LENGUA ADICIONAL B FRANCES<\/li><li>EDI<\/li><\/ul>\n\n\n\n<p><\/p>\n<\/div>\n\n\n\n<div class=\"wp-block-column is-layout-flow\">\n<pre class=\"wp-block-verse has-text-align-center has-medium-font-size\"><span class=\"has-inline-color has-vivid-red-color\"><strong>2DO A\u00d1O<\/strong><\/span><\/pre>\n\n\n\n<ul><li><a href=\"https:\/\/ieslvf-caba.infd.edu.ar\/sitio\/wp-content\/uploads\/2022\/03\/MATEMATICA-2do-ANO_PROGRAMA-NESSFF_2022.pdf\">MATEM\u00c1TICA<\/a><\/li><li>LENGUA Y LITERATURA<\/li><li><a href=\"https:\/\/ieslvf-caba.infd.edu.ar\/sitio\/wp-content\/uploads\/2022\/08\/2-Programa-FRANCES-2o-todos-2022.-1.pdf\" data-type=\"URL\" data-id=\"https:\/\/ieslvf-caba.infd.edu.ar\/sitio\/wp-content\/uploads\/2022\/08\/2-Programa-FRANCES-2o-todos-2022.-1.pdf\" target=\"_blank\" rel=\"noreferrer noopener\">LENGUA ADICIONAL FRANC\u00c9S<\/a><\/li><li>LENGUA ADICIONAL INGL\u00c9S<\/li><li>EDUCACI\u00d3N F\u00cdSICA<\/li><li><a href=\"https:\/\/ieslvf-caba.infd.edu.ar\/sitio\/2-biologia-2-todos-los-segundosano\/\">BIOLOG\u00cdA<\/a><\/li><li>HISTORIA<\/li><li><a href=\"https:\/\/ieslvf-caba.infd.edu.ar\/sitio\/wp-content\/uploads\/2022\/04\/Programa-Geografia-2do-ano-Lenguas-Vivas-2022.pdf\">GEOGRAF\u00cdA<\/a><\/li><li><a href=\"https:\/\/ieslvf-caba.infd.edu.ar\/sitio\/wp-content\/uploads\/2022\/08\/2-Todos-anos-FEC-Lenguas-Vivas-2022-2.pdf\" target=\"_blank\" rel=\"noreferrer noopener\">FORMACI\u00d3N \u00c9TICA Y CIUDADANA<\/a><\/li><li>EDUCACI\u00d3N TECNOL\u00d3GICA<\/li><li>ARTES M\u00daSICA<\/li><li>ARTES PL\u00c1STICAS<\/li><li>DISCURSOS EST\u00c9TICOS EN INGL\u00c9S<\/li><li>EDIC EN INGL\u00c9S<\/li><li>TIC EN INGL\u00c9S<\/li><li><a href=\"https:\/\/ieslvf-caba.infd.edu.ar\/sitio\/wp-content\/uploads\/2022\/08\/2-ProgramaFrancesBilingue2o4o2022-1.pdf\" data-type=\"URL\" data-id=\"https:\/\/ieslvf-caba.infd.edu.ar\/sitio\/wp-content\/uploads\/2022\/08\/2-ProgramaFrancesBilingue2o4o2022-1.pdf\" target=\"_blank\" rel=\"noreferrer noopener\">LENGUA ADICIONAL B FRANCES<\/a><\/li><li><a rel=\"noreferrer noopener\" href=\"https:\/\/ieslvf-caba.infd.edu.ar\/sitio\/wp-content\/uploads\/2022\/08\/2-EDI-Juegos-y-Numeros-2022-2.2-2.3-2.4-1.pdf\" target=\"_blank\">EDI<\/a><\/li><\/ul>\n<\/div>\n<\/div>\n\n\n\n<p class=\"has-text-align-center has-medium-font-size\"><\/p>\n\n\n\n<pre class=\"wp-block-preformatted has-medium-font-size\"><span style=\"color:#0e27e1\" class=\"has-inline-color\">                                  <strong>      CICLO ORIENTADO EN LENGUAS NES<\/strong> -<strong> DIVISI\u00d3N: 3\u00b01 - 4\u00b01 - 5\u00b01<\/strong><\/span><\/pre>\n\n\n\n<h4 class=\"wp-block-heading\"><strong><span class=\"has-inline-color has-vivid-red-color\">3\u00b01<\/span><\/strong><\/h4>\n\n\n\n<figure class=\"wp-block-table\"><table><tbody><tr><td class=\"has-text-align-center\" data-align=\"center\"><a href=\"https:\/\/ieslvf-caba.infd.edu.ar\/sitio\/wp-content\/uploads\/2022\/03\/MATEMATICA-3er-ANO_PROGRAMA-NES_2022-1.pdf\">MATEM\u00c1TICA<\/a><\/td><td class=\"has-text-align-center\" data-align=\"center\">LENGUA Y LITERATURA<\/td><td class=\"has-text-align-center\" data-align=\"center\"><a href=\"https:\/\/ieslvf-caba.infd.edu.ar\/sitio\/wp-content\/uploads\/2022\/08\/3er-todos-los-anos-Fisico-y-Quimica-1.pdf\" data-type=\"URL\" data-id=\"https:\/\/ieslvf-caba.infd.edu.ar\/sitio\/wp-content\/uploads\/2022\/08\/3er-todos-los-anos-Fisico-y-Quimica-1.pdf\" target=\"_blank\" rel=\"noreferrer noopener\">F\u00cdSICOQU\u00cdMICA<\/a><\/td><td class=\"has-text-align-center\" data-align=\"center\">EDUCACI\u00d3N F\u00cdSICA<\/td><\/tr><tr><td class=\"has-text-align-center\" data-align=\"center\"><a href=\"https:\/\/ieslvf-caba.infd.edu.ar\/sitio\/wp-content\/uploads\/2022\/08\/3-BIOLOGIA-3\u00b0-ANO-_PROGRAMA-NES_LV2022-1.pdf\" data-type=\"URL\" data-id=\"https:\/\/ieslvf-caba.infd.edu.ar\/sitio\/wp-content\/uploads\/2022\/08\/3-BIOLOGIA-3\u00b0-ANO-_PROGRAMA-NES_LV2022-1.pdf\" target=\"_blank\" rel=\"noreferrer noopener\">BIOLOG\u00cdA<\/a><\/td><td class=\"has-text-align-center\" data-align=\"center\"><a href=\"https:\/\/ieslvf-caba.infd.edu.ar\/sitio\/wp-content\/uploads\/2022\/04\/PROGRAMA-HISTORIA-3ER-ANO-LV-2022.pdf\" target=\"_blank\" rel=\"noreferrer noopener\">HISTORIA<\/a><\/td><td class=\"has-text-align-center\" data-align=\"center\"><a href=\"https:\/\/ieslvf-caba.infd.edu.ar\/sitio\/wp-content\/uploads\/2022\/08\/3-Programa-Geografia-3.1-3.2-3.3-2022-1.pdf\" data-type=\"URL\" data-id=\"https:\/\/ieslvf-caba.infd.edu.ar\/sitio\/wp-content\/uploads\/2022\/08\/3-Programa-Geografia-3.1-3.2-3.3-2022-1.pdf\" target=\"_blank\" rel=\"noreferrer noopener\">GEOGRAF\u00cdA<\/a><\/td><td class=\"has-text-align-center\" data-align=\"center\"><a href=\"https:\/\/ieslvf-caba.infd.edu.ar\/sitio\/wp-content\/uploads\/2022\/08\/3-Programa-FEC-LV-3ro-2022-1.pdf\" data-type=\"URL\" data-id=\"https:\/\/ieslvf-caba.infd.edu.ar\/sitio\/wp-content\/uploads\/2022\/08\/3-Programa-FEC-LV-3ro-2022-1.pdf\" target=\"_blank\" rel=\"noreferrer noopener\">FORMACI\u00d3N \u00c9TICA Y CIUDADANA<\/a><\/td><\/tr><tr><td class=\"has-text-align-center\" data-align=\"center\">TECNOLOG\u00cdAS DE LA INFORMACI\u00d3N<\/td><td class=\"has-text-align-center\" data-align=\"center\">ECONOM\u00cdA<\/td><td class=\"has-text-align-center\" data-align=\"center\">LENGUA ADICIONAL A FRANC\u00c9S<\/td><td class=\"has-text-align-center\" data-align=\"center\">LENGUA ADICIONAL A INGL\u00c9S<\/td><\/tr><tr><td class=\"has-text-align-center\" data-align=\"center\">LENGUA ADICIONAL B INGL\u00c9S <\/td><td class=\"has-text-align-center\" data-align=\"center\"><a href=\"https:\/\/ieslvf-caba.infd.edu.ar\/sitio\/wp-content\/uploads\/2022\/08\/3-ProgramaFrances-3o-ano-LAB-2022-1.pdf\" data-type=\"URL\" data-id=\"https:\/\/ieslvf-caba.infd.edu.ar\/sitio\/wp-content\/uploads\/2022\/08\/3-ProgramaFrances-3o-ano-LAB-2022-1.pdf\" target=\"_blank\" rel=\"noreferrer noopener\">LENGUA ADICIONAL B FRANC\u00c9S<\/a><\/td><td class=\"has-text-align-center\" data-align=\"center\">LENGUA ADICIONAL C ALEM\u00c1N<\/td><td class=\"has-text-align-center\" data-align=\"center\"><a href=\"https:\/\/ieslvf-caba.infd.edu.ar\/sitio\/wp-content\/uploads\/2022\/08\/3ro1ra-portugues-LAC-2022-1.pdf\" data-type=\"URL\" data-id=\"https:\/\/ieslvf-caba.infd.edu.ar\/sitio\/wp-content\/uploads\/2022\/08\/3ro1ra-portugues-LAC-2022-1.pdf\" target=\"_blank\" rel=\"noreferrer noopener\">LENGUA ADICIONAL C PORTUGU\u00c9S<\/a><\/td><\/tr><\/tbody><\/table><\/figure>\n\n\n\n<h4 class=\"wp-block-heading\"><strong><span class=\"has-inline-color has-vivid-red-color\">4\u00b01<\/span><\/strong><\/h4>\n\n\n\n<figure class=\"wp-block-table\"><table><tbody><tr><td class=\"has-text-align-center\" data-align=\"center\"><a href=\"https:\/\/ieslvf-caba.infd.edu.ar\/sitio\/wp-content\/uploads\/2022\/03\/MATEMATICA-4to-ANO_PROGRAMA-NES_2022.pdf\">MATEM\u00c1TICA<\/a><\/td><td class=\"has-text-align-center\" data-align=\"center\">LENGUA Y LITERATURA<\/td><td class=\"has-text-align-center\" data-align=\"center\">LENGUA Y CULTURA<\/td><td class=\"has-text-align-center\" data-align=\"center\">EDUCACI\u00d3N F\u00cdSICA<\/td><\/tr><tr><td class=\"has-text-align-center\" data-align=\"center\">BIOLOG\u00cdA<\/td><td class=\"has-text-align-center\" data-align=\"center\"><a href=\"https:\/\/ieslvf-caba.infd.edu.ar\/sitio\/wp-content\/uploads\/2022\/04\/PROGRAMA-HISTORIA-4TO-ANO-LV-2022.pdf\">HISTORIA<\/a><\/td><td class=\"has-text-align-center\" data-align=\"center\"><a href=\"https:\/\/ieslvf-caba.infd.edu.ar\/sitio\/wp-content\/uploads\/2022\/08\/4-Programa-Geografia-todos-los-4to-ano-Lenguast-Vivas-2022-1.pdf\" data-type=\"URL\" data-id=\"https:\/\/ieslvf-caba.infd.edu.ar\/sitio\/wp-content\/uploads\/2022\/08\/4-Programa-Geografia-todos-los-4to-ano-Lenguast-Vivas-2022-1.pdf\" target=\"_blank\" rel=\"noreferrer noopener\">GEOGRAF\u00cdA<\/a><\/td><td class=\"has-text-align-center\" data-align=\"center\"><a rel=\"noreferrer noopener\" href=\"https:\/\/ieslvf-caba.infd.edu.ar\/sitio\/wp-content\/uploads\/2022\/08\/4-Programa-FEC-4to-LV-2022-1.pdf\" target=\"_blank\">FORMACI\u00d3N \u00c9TICA Y CIUDADANA<\/a><\/td><\/tr><tr><td class=\"has-text-align-center\" data-align=\"center\">TECNOLOG\u00cdAS DE LA INFORMACI\u00d3N<\/td><td class=\"has-text-align-center\" data-align=\"center\"><a href=\"https:\/\/ieslvf-caba.infd.edu.ar\/sitio\/wp-content\/uploads\/2022\/04\/Programa-4to-2022-LV.pdf\">F\u00cdSICA<\/a><\/td><td class=\"has-text-align-center\" data-align=\"center\">ARTES<\/td><td class=\"has-text-align-center\" data-align=\"center\">EDI<\/td><\/tr><tr><td class=\"has-text-align-center\" data-align=\"center\"><a href=\"https:\/\/ieslvf-caba.infd.edu.ar\/sitio\/wp-content\/uploads\/2022\/08\/4-Programa-de-Frances-4oanoLAA-4\u00b01-2022.pdf\" data-type=\"URL\" data-id=\"https:\/\/ieslvf-caba.infd.edu.ar\/sitio\/wp-content\/uploads\/2022\/08\/4-Programa-de-Frances-4oanoLAA-4\u00b01-2022.pdf\" target=\"_blank\" rel=\"noreferrer noopener\">LENGUA ADICIONAL A FRANC\u00c9S<\/a><\/td><td class=\"has-text-align-center\" data-align=\"center\">LENGUA ADICIONAL A INGL\u00c9S<\/td><td class=\"has-text-align-center\" data-align=\"center\">LENGUA ADICIONAL B INGL\u00c9S<\/td><td class=\"has-text-align-center\" data-align=\"center\">LENGUA ADICIONAL B FRANC\u00c9S<\/td><\/tr><tr><td class=\"has-text-align-center\" data-align=\"center\">LENGUA ADICIONAL C ALEM\u00c1N<\/td><td class=\"has-text-align-center\" data-align=\"center\"><a href=\"https:\/\/ieslvf-caba.infd.edu.ar\/sitio\/wp-content\/uploads\/2022\/08\/4to1ra-portugues-LAC-2022-1.pdf\" data-type=\"URL\" data-id=\"https:\/\/ieslvf-caba.infd.edu.ar\/sitio\/wp-content\/uploads\/2022\/08\/4to1ra-portugues-LAC-2022-1.pdf\" target=\"_blank\" rel=\"noreferrer noopener\">LENGUA ADICIONAL C PORTUGU\u00c9S<\/a><\/td><td class=\"has-text-align-center\" data-align=\"center\"><\/td><td class=\"has-text-align-center\" data-align=\"center\"><\/td><\/tr><\/tbody><\/table><\/figure>\n\n\n\n<h4 class=\"wp-block-heading\"><span class=\"has-inline-color has-vivid-red-color\">5\u00b01<\/span><\/h4>\n\n\n\n<figure class=\"wp-block-table\"><table><tbody><tr><td class=\"has-text-align-center\" data-align=\"center\"><a href=\"https:\/\/ieslvf-caba.infd.edu.ar\/sitio\/wp-content\/uploads\/2022\/03\/MATEMATICA-4to-ANO_PROGRAMA-NES_2022.pdf\">MATEM\u00c1TICA<\/a><\/td><td class=\"has-text-align-center\" data-align=\"center\">LENGUA Y LITERATURA<\/td><td class=\"has-text-align-center\" data-align=\"center\">FILOSOF\u00cdA<\/td><td class=\"has-text-align-center\" data-align=\"center\">EDUCACI\u00d3N F\u00cdSICA<\/td><\/tr><tr><td class=\"has-text-align-center\" data-align=\"center\"><a href=\"https:\/\/ieslvf-caba.infd.edu.ar\/sitio\/wp-content\/uploads\/2022\/08\/5to-programacion-quimica-2022-1.pdf\" data-type=\"URL\" data-id=\"https:\/\/ieslvf-caba.infd.edu.ar\/sitio\/wp-content\/uploads\/2022\/08\/5to-programacion-quimica-2022-1.pdf\" target=\"_blank\" rel=\"noreferrer noopener\">QU\u00cdMICA<\/a><\/td><td class=\"has-text-align-center\" data-align=\"center\">PROYECTO<\/td><td class=\"has-text-align-center\" data-align=\"center\">LENGUA Y CULTURA<\/td><td class=\"has-text-align-center\" data-align=\"center\">EDI<\/td><\/tr><tr><td class=\"has-text-align-center\" data-align=\"center\">TECNOLOG\u00cdAS DE LA INFORMACI\u00d3N ORIENTADA<\/td><td class=\"has-text-align-center\" data-align=\"center\"><a href=\"https:\/\/ieslvf-caba.infd.edu.ar\/sitio\/wp-content\/uploads\/2022\/04\/Programa-4to-2022-LV.pdf\">F\u00cdSICA<\/a><\/td><td class=\"has-text-align-center\" data-align=\"center\">LENGUA ADICIONAL A FRANC\u00c9S<\/td><td class=\"has-text-align-center\" data-align=\"center\">LENGUA ADICIONAL A INGL\u00c9S<\/td><\/tr><tr><td class=\"has-text-align-center\" data-align=\"center\">LENGUA ADICIONAL B INGL\u00c9S<\/td><td class=\"has-text-align-center\" data-align=\"center\"><a href=\"https:\/\/ieslvf-caba.infd.edu.ar\/sitio\/wp-content\/uploads\/2022\/08\/5-ProgramaFrances5o-ano-LAB-2022-1.pdf\" data-type=\"URL\" data-id=\"https:\/\/ieslvf-caba.infd.edu.ar\/sitio\/wp-content\/uploads\/2022\/08\/5-ProgramaFrances5o-ano-LAB-2022-1.pdf\" target=\"_blank\" rel=\"noreferrer noopener\">LENGUA ADICIONAL B FRANC\u00c9S<\/a><\/td><td class=\"has-text-align-center\" data-align=\"center\">PROFUNDIZACI\u00d3N LAA INGL\u00c9S<\/td><td class=\"has-text-align-center\" data-align=\"center\">PROFUNDIZACI\u00d3N LAA FRANC\u00c9S<\/td><\/tr><tr><td class=\"has-text-align-center\" data-align=\"center\">LENGUA ADICIONAL C ALEM\u00c1N<\/td><td class=\"has-text-align-center\" data-align=\"center\"><a href=\"https:\/\/ieslvf-caba.infd.edu.ar\/sitio\/wp-content\/uploads\/2022\/08\/5to1ra-portugues-LAC-2022-1.pdf\" data-type=\"URL\" data-id=\"https:\/\/ieslvf-caba.infd.edu.ar\/sitio\/wp-content\/uploads\/2022\/08\/5to1ra-portugues-LAC-2022-1.pdf\" target=\"_blank\" rel=\"noreferrer noopener\">LENGUA ADICIONAL C PORTUGU\u00c9S<\/a><\/td><td class=\"has-text-align-center\" data-align=\"center\">EDI<\/td><td class=\"has-text-align-center\" data-align=\"center\"><\/td><\/tr><\/tbody><\/table><\/figure>\n\n\n\n<p class=\"has-text-align-center has-medium-font-size\"><\/p>\n\n\n\n<pre class=\"wp-block-preformatted has-medium-font-size\">                                           <strong><span style=\"color:#0e27e1\" class=\"has-inline-color\">BACHILLERATO BILING\u00dcE - DIVISI\u00d3N: 3\u00b02 - 4\u00b02 - 5\u00b02<\/span><\/strong><\/pre>\n\n\n\n<h4 class=\"wp-block-heading\"><strong><span class=\"has-inline-color has-vivid-red-color\">3\u00b02<\/span><\/strong><\/h4>\n\n\n\n<figure class=\"wp-block-table\"><table><tbody><tr><td class=\"has-text-align-center\" data-align=\"center\"><a href=\"https:\/\/ieslvf-caba.infd.edu.ar\/sitio\/wp-content\/uploads\/2022\/03\/MATEMATICA-3er-ANO_PROGRAMA-NES_2022-1.pdf\">MATEM\u00c1TICA<\/a><\/td><td class=\"has-text-align-center\" data-align=\"center\">LENGUA Y LITERATURA<\/td><td class=\"has-text-align-center\" data-align=\"center\"><a rel=\"noreferrer noopener\" href=\"https:\/\/ieslvf-caba.infd.edu.ar\/sitio\/wp-content\/uploads\/2022\/08\/3er-todos-los-anos-Fisico-y-Quimica-1.pdf\" target=\"_blank\">F\u00cdSICOQU\u00cdMICA<\/a><\/td><td class=\"has-text-align-center\" data-align=\"center\">EDUCACI\u00d3N F\u00cdSICA<\/td><\/tr><tr><td class=\"has-text-align-center\" data-align=\"center\">BIOLOG\u00cdA<\/td><td class=\"has-text-align-center\" data-align=\"center\"><a href=\"https:\/\/ieslvf-caba.infd.edu.ar\/sitio\/wp-content\/uploads\/2022\/04\/PROGRAMA-HISTORIA-3ER-ANO-LV-2022.pdf\">HISTORIA<\/a><\/td><td class=\"has-text-align-center\" data-align=\"center\"><a href=\"https:\/\/ieslvf-caba.infd.edu.ar\/sitio\/wp-content\/uploads\/2022\/08\/3-Programa-Geografia-3.1-3.2-3.3-2022-1.pdf\" data-type=\"URL\" data-id=\"https:\/\/ieslvf-caba.infd.edu.ar\/sitio\/wp-content\/uploads\/2022\/08\/3-Programa-Geografia-3.1-3.2-3.3-2022-1.pdf\" target=\"_blank\" rel=\"noreferrer noopener\">GEOGRAF\u00cdA<\/a><\/td><td class=\"has-text-align-center\" data-align=\"center\"><a href=\"https:\/\/ieslvf-caba.infd.edu.ar\/sitio\/wp-content\/uploads\/2022\/08\/Programa-FEC-3ro-2da-y-4ta-Lenguas-Vivas-2022.doc\" data-type=\"URL\" data-id=\"https:\/\/ieslvf-caba.infd.edu.ar\/sitio\/wp-content\/uploads\/2022\/08\/Programa-FEC-3ro-2da-y-4ta-Lenguas-Vivas-2022.doc\" target=\"_blank\" rel=\"noreferrer noopener\">FORMACI\u00d3N \u00c9TICA Y CIUDADANA<\/a><\/td><\/tr><tr><td class=\"has-text-align-center\" data-align=\"center\">TECNOLOG\u00cdAS DE LA INFORMACI\u00d3N<\/td><td class=\"has-text-align-center\" data-align=\"center\">ECONOM\u00cdA<\/td><td class=\"has-text-align-center\" data-align=\"center\">EDI<\/td><td class=\"has-text-align-center\" data-align=\"center\">LENGUA ADICIONAL A INGL\u00c9S<\/td><\/tr><tr><td class=\"has-text-align-center\" data-align=\"center\">DISCURSOS EST\u00c9TICOS EN INGL\u00c9S<\/td><td class=\"has-text-align-center\" data-align=\"center\">EDIC EN INGLES<\/td><td class=\"has-text-align-center\" data-align=\"center\">LENGUA ADICIONAL B FRANC\u00c9S<\/td><td class=\"has-text-align-center\" data-align=\"center\"><\/td><\/tr><\/tbody><\/table><\/figure>\n\n\n\n<h4 class=\"wp-block-heading\"><strong><span class=\"has-inline-color has-vivid-red-color\">4\u00b02<\/span><\/strong><\/h4>\n\n\n\n<figure class=\"wp-block-table\"><table><tbody><tr><td class=\"has-text-align-center\" data-align=\"center\"><a href=\"https:\/\/ieslvf-caba.infd.edu.ar\/sitio\/wp-content\/uploads\/2022\/03\/MATEMATICA-4to-ANO_PROGRAMA-NES_2022.pdf\">MATEM\u00c1TICA<\/a><\/td><td class=\"has-text-align-center\" data-align=\"center\">LENGUA Y LITERATURA<\/td><td class=\"has-text-align-center\" data-align=\"center\">LENGUA ADICIONAL A INGL\u00c9S<\/td><td class=\"has-text-align-center\" data-align=\"center\">EDUCACI\u00d3N F\u00cdSICA<\/td><\/tr><tr><td class=\"has-text-align-center\" data-align=\"center\">FILOSOF\u00cdA<\/td><td class=\"has-text-align-center\" data-align=\"center\"><a href=\"https:\/\/ieslvf-caba.infd.edu.ar\/sitio\/wp-content\/uploads\/2022\/04\/PROGRAMA-HISTORIA-4TO-ANO-LV-2022.pdf\">QUIMICA<\/a><\/td><td class=\"has-text-align-center\" data-align=\"center\"><a rel=\"noreferrer noopener\" href=\"https:\/\/ieslvf-caba.infd.edu.ar\/sitio\/wp-content\/uploads\/2022\/08\/4-Programa-Geografia-todos-los-4to-ano-Lenguast-Vivas-2022-1.pdf\" target=\"_blank\">GEOGRAF\u00cdA<\/a><\/td><td class=\"has-text-align-center\" data-align=\"center\"><a href=\"https:\/\/ieslvf-caba.infd.edu.ar\/sitio\/wp-content\/uploads\/2022\/08\/4-Programa-FEC-4to-LV-2022-1.pdf\" data-type=\"URL\" data-id=\"https:\/\/ieslvf-caba.infd.edu.ar\/sitio\/wp-content\/uploads\/2022\/08\/4-Programa-FEC-4to-LV-2022-1.pdf\" target=\"_blank\" rel=\"noreferrer noopener\">FORMACI\u00d3N \u00c9TICA Y CIUDADANA<\/a><\/td><\/tr><tr><td class=\"has-text-align-center\" data-align=\"center\">TECNOLOG\u00cdAS DE LA INFORMACI\u00d3N<\/td><td class=\"has-text-align-center\" data-align=\"center\"><a href=\"https:\/\/ieslvf-caba.infd.edu.ar\/sitio\/wp-content\/uploads\/2022\/04\/Programa-4to-2022-LV.pdf\">F\u00cdSICA<\/a><\/td><td class=\"has-text-align-center\" data-align=\"center\">DISCURSOS ESTETICOS EN INGLES<\/td><td class=\"has-text-align-center\" data-align=\"center\">EDI<\/td><\/tr><tr><td class=\"has-text-align-center\" data-align=\"center\">EDIC EN INGLES<\/td><td class=\"has-text-align-center\" data-align=\"center\">LENGUA Y CULTURA<\/td><td class=\"has-text-align-center\" data-align=\"center\">PROFUNDIZACI\u00d3N LAA INGL\u00c9S<\/td><td class=\"has-text-align-center\" data-align=\"center\">LENGUA ADICIONAL B FRANC\u00c9S<\/td><\/tr><\/tbody><\/table><\/figure>\n\n\n\n<h4 class=\"wp-block-heading\"><strong><span class=\"has-inline-color has-vivid-red-color\">5\u00b02<\/span><\/strong><\/h4>\n\n\n\n<figure class=\"wp-block-table\"><table><tbody><tr><td class=\"has-text-align-center\" data-align=\"center\"><a href=\"https:\/\/ieslvf-caba.infd.edu.ar\/sitio\/wp-content\/uploads\/2022\/03\/MATEMATICA-4to-ANO_PROGRAMA-NES_2022.pdf\">MATEM\u00c1TICA<\/a><\/td><td class=\"has-text-align-center\" data-align=\"center\">LENGUA Y LITERATURA<\/td><td class=\"has-text-align-center\" data-align=\"center\">LENGUA ADICIONAL A INGL\u00c9S<\/td><td class=\"has-text-align-center\" data-align=\"center\">EDUCACI\u00d3N F\u00cdSICA<\/td><\/tr><tr><td class=\"has-text-align-center\" data-align=\"center\">FILOSOF\u00cdA<\/td><td class=\"has-text-align-center\" data-align=\"center\"><a href=\"https:\/\/ieslvf-caba.infd.edu.ar\/sitio\/wp-content\/uploads\/2022\/08\/5to-programacion-quimica-2022-1.pdf\" data-type=\"URL\" data-id=\"https:\/\/ieslvf-caba.infd.edu.ar\/sitio\/wp-content\/uploads\/2022\/08\/5to-programacion-quimica-2022-1.pdf\" target=\"_blank\" rel=\"noreferrer noopener\">QU\u00cdMICA<\/a><\/td><td class=\"has-text-align-center\" data-align=\"center\">EDI<\/td><td class=\"has-text-align-center\" data-align=\"center\">DISCURSOS EST\u00c9TICOS EN INGL\u00c9S<\/td><\/tr><tr><td class=\"has-text-align-center\" data-align=\"center\">EDIC EN INGL\u00c9S<\/td><td class=\"has-text-align-center\" data-align=\"center\">LENGUA ADICIONAL B FRANC\u00c9S<\/td><td class=\"has-text-align-center\" data-align=\"center\">PROFUNDIZACI\u00d3N LAA INGL\u00c9S<\/td><td class=\"has-text-align-center\" data-align=\"center\"><a href=\"https:\/\/ieslvf-caba.infd.edu.ar\/sitio\/wp-content\/uploads\/2022\/08\/Programa-Historia-5-o-2o-ANO-2022.pdf\" data-type=\"URL\" data-id=\"https:\/\/ieslvf-caba.infd.edu.ar\/sitio\/wp-content\/uploads\/2022\/08\/Programa-Historia-5-o-2o-ANO-2022.pdf\" target=\"_blank\" rel=\"noreferrer noopener\">HISTORIA ORIENTADA<\/a><\/td><\/tr><tr><td class=\"has-text-align-center\" data-align=\"center\">LENGUA ADICIONAL C ALEM\u00c1N<\/td><td class=\"has-text-align-center\" data-align=\"center\">LENGUA ADICIONAL C PORTUGU\u00c9S<\/td><td class=\"has-text-align-center\" data-align=\"center\">PROYECTO<\/td><td class=\"has-text-align-center\" data-align=\"center\">TECNOLOG\u00cdAS DE LA INFORMACI\u00d3N ORIENTADA<\/td><\/tr><tr><td class=\"has-text-align-center\" data-align=\"center\">EDI<\/td><td class=\"has-text-align-center\" data-align=\"center\"><\/td><td class=\"has-text-align-center\" data-align=\"center\"><\/td><td class=\"has-text-align-center\" data-align=\"center\"><\/td><\/tr><\/tbody><\/table><\/figure>\n\n\n\n<p class=\"has-text-align-center has-medium-font-size\"><\/p>\n\n\n\n<pre class=\"wp-block-preformatted has-medium-font-size\">         <strong><span style=\"color:#0e27e1\" class=\"has-inline-color\">CICLO ORIENTADO EN CIENCIAS SOCIALES Y HUMANIDADES NES - DIVISI\u00d3N: 3\u00b03 - 4\u00b03 - 5\u00b03<\/span><\/strong><\/pre>\n\n\n\n<h4 class=\"wp-block-heading\"><strong><span class=\"has-inline-color has-vivid-red-color\">3\u00b03<\/span><\/strong><\/h4>\n\n\n\n<figure class=\"wp-block-table\"><table><tbody><tr><td class=\"has-text-align-center\" data-align=\"center\"><a href=\"https:\/\/ieslvf-caba.infd.edu.ar\/sitio\/wp-content\/uploads\/2022\/03\/MATEMATICA-3er-ANO_PROGRAMA-NES_2022-1.pdf\">MATEM\u00c1TICA<\/a><\/td><td class=\"has-text-align-center\" data-align=\"center\">LENGUA Y LITERATURA<\/td><td class=\"has-text-align-center\" data-align=\"center\">LENGUA ADICIONAL A FRANC\u00c9S<\/td><td class=\"has-text-align-center\" data-align=\"center\">LENGUA ADICIONAL A INGLES<\/td><\/tr><tr><td class=\"has-text-align-center\" data-align=\"center\">EDUCACI\u00d3N F\u00cdSICA<\/td><td class=\"has-text-align-center\" data-align=\"center\"><a href=\"https:\/\/ieslvf-caba.infd.edu.ar\/sitio\/wp-content\/uploads\/2022\/04\/PROGRAMA-HISTORIA-3ER-ANO-LV-2022.pdf\">HISTORIA<\/a><\/td><td class=\"has-text-align-center\" data-align=\"center\"><a rel=\"noreferrer noopener\" href=\"https:\/\/ieslvf-caba.infd.edu.ar\/sitio\/wp-content\/uploads\/2022\/08\/3-Programa-Geografia-3.1-3.2-3.3-2022-1.pdf\" target=\"_blank\">GEOGRAF\u00cdA<\/a><\/td><td class=\"has-text-align-center\" data-align=\"center\"><a rel=\"noreferrer noopener\" href=\"https:\/\/ieslvf-caba.infd.edu.ar\/sitio\/wp-content\/uploads\/2022\/08\/3-Programa-FEC-LV-3ro-2022-1.pdf\" target=\"_blank\">FORMACI\u00d3N \u00c9TICA Y CIUDADANA<\/a><\/td><\/tr><tr><td class=\"has-text-align-center\" data-align=\"center\">TECNOLOG\u00cdAS DE LA INFORMACI\u00d3N<\/td><td class=\"has-text-align-center\" data-align=\"center\">ECONOM\u00cdA<\/td><td class=\"has-text-align-center\" data-align=\"center\"><a rel=\"noreferrer noopener\" href=\"https:\/\/ieslvf-caba.infd.edu.ar\/sitio\/wp-content\/uploads\/2022\/08\/3er-todos-los-anos-Fisico-y-Quimica-1.pdf\" target=\"_blank\">F\u00cdSICOQU\u00cdMICA<\/a><\/td><td class=\"has-text-align-center\" data-align=\"center\"><a rel=\"noreferrer noopener\" href=\"https:\/\/ieslvf-caba.infd.edu.ar\/sitio\/wp-content\/uploads\/2022\/08\/3-BIOLOGIA-3%C2%B0-ANO-_PROGRAMA-NES_LV2022-1.pdf\" target=\"_blank\">BIOLOG\u00cdA<\/a><\/td><\/tr><tr><td class=\"has-text-align-center\" data-align=\"center\">EDI<\/td><td class=\"has-text-align-center\" data-align=\"center\"><\/td><td class=\"has-text-align-center\" data-align=\"center\"><\/td><td class=\"has-text-align-center\" data-align=\"center\"><\/td><\/tr><\/tbody><\/table><\/figure>\n\n\n\n<h4 class=\"wp-block-heading\"><span class=\"has-inline-color has-vivid-red-color\"><strong>4\u00b03<\/strong><\/span><\/h4>\n\n\n\n<figure class=\"wp-block-table\"><table><tbody><tr><td class=\"has-text-align-center\" data-align=\"center\"><a href=\"https:\/\/ieslvf-caba.infd.edu.ar\/sitio\/wp-content\/uploads\/2022\/03\/MATEMATICA-4to-ANO_PROGRAMA-NES_2022.pdf\">MATEM\u00c1TICA<\/a><\/td><td class=\"has-text-align-center\" data-align=\"center\">LENGUA Y LITERATURA<\/td><td class=\"has-text-align-center\" data-align=\"center\">LENGUA ADICIONAL<\/td><td class=\"has-text-align-center\" data-align=\"center\">EDUCACI\u00d3N F\u00cdSICA<\/td><\/tr><tr><td class=\"has-text-align-center\" data-align=\"center\">ARTE<\/td><td class=\"has-text-align-center\" data-align=\"center\"><a href=\"https:\/\/ieslvf-caba.infd.edu.ar\/sitio\/wp-content\/uploads\/2022\/04\/PROGRAMA-HISTORIA-4TO-ANO-LV-2022.pdf\">HISTORIA<\/a><\/td><td class=\"has-text-align-center\" data-align=\"center\"><a rel=\"noreferrer noopener\" href=\"https:\/\/ieslvf-caba.infd.edu.ar\/sitio\/wp-content\/uploads\/2022\/08\/4-Programa-Geografia-todos-los-4to-ano-Lenguast-Vivas-2022-1.pdf\" target=\"_blank\">GEOGRAF\u00cdA<\/a><\/td><td class=\"has-text-align-center\" data-align=\"center\"><a href=\"https:\/\/ieslvf-caba.infd.edu.ar\/sitio\/wp-content\/uploads\/2022\/08\/Programa-FEC-4to-3ra-Lenguas-Vivas-2022.docx\" data-type=\"URL\" data-id=\"https:\/\/ieslvf-caba.infd.edu.ar\/sitio\/wp-content\/uploads\/2022\/08\/Programa-FEC-4to-3ra-Lenguas-Vivas-2022.docx\" target=\"_blank\" rel=\"noreferrer noopener\">FORMACI\u00d3N \u00c9TICA Y CIUDADANA<\/a><\/td><\/tr><tr><td class=\"has-text-align-center\" data-align=\"center\">TECNOLOG\u00cdAS DE LA INFORMACI\u00d3N<\/td><td class=\"has-text-align-center\" data-align=\"center\"><a href=\"https:\/\/ieslvf-caba.infd.edu.ar\/sitio\/wp-content\/uploads\/2022\/04\/Programa-4to-2022-LV.pdf\">F\u00cdSICA<\/a><\/td><td class=\"has-text-align-center\" data-align=\"center\"><a href=\"https:\/\/ieslvf-caba.infd.edu.ar\/sitio\/wp-content\/uploads\/2022\/04\/IES-LVJRF-PROGRAMA-2022-Psicologia-4to-3ra.pdf\">PSICOLOG\u00cdA<\/a><\/td><td class=\"has-text-align-center\" data-align=\"center\">ANTROPOLOG\u00cdA CULTURAL<\/td><\/tr><tr><td class=\"has-text-align-center\" data-align=\"center\">SOCIOLOG\u00cdA<\/td><td class=\"has-text-align-center\" data-align=\"center\"><\/td><td class=\"has-text-align-center\" data-align=\"center\"><\/td><td class=\"has-text-align-center\" data-align=\"center\"><\/td><\/tr><\/tbody><\/table><\/figure>\n\n\n\n<h4 class=\"wp-block-heading\"><span class=\"has-inline-color has-vivid-red-color\">5\u00b03<\/span><\/h4>\n\n\n\n<figure class=\"wp-block-table\"><table><tbody><tr><td class=\"has-text-align-center\" data-align=\"center\"><a href=\"https:\/\/ieslvf-caba.infd.edu.ar\/sitio\/wp-content\/uploads\/2022\/03\/MATEMATICA-5to-ANO_PROGRAMA-NES_2022.pdf\">MATEM\u00c1TICA<\/a><\/td><td class=\"has-text-align-center\" data-align=\"center\">LENGUA Y LITERATURA<\/td><td class=\"has-text-align-center\" data-align=\"center\">LENGUA ADICIONAL<\/td><td class=\"has-text-align-center\" data-align=\"center\">EDUCACI\u00d3N F\u00cdSICA<\/td><\/tr><tr><td class=\"has-text-align-center\" data-align=\"center\"><a href=\"https:\/\/ieslvf-caba.infd.edu.ar\/sitio\/wp-content\/uploads\/2022\/04\/IES-LVJRF-PROGRAMA-2022-Filosofia-5to-2da.pdf\">FILOSOF\u00cdA<\/a><\/td><td class=\"has-text-align-center\" data-align=\"center\"><a href=\"https:\/\/ieslvf-caba.infd.edu.ar\/sitio\/wp-content\/uploads\/2022\/08\/5to-programacion-quimica-2022-1.pdf\" data-type=\"URL\" data-id=\"https:\/\/ieslvf-caba.infd.edu.ar\/sitio\/wp-content\/uploads\/2022\/08\/5to-programacion-quimica-2022-1.pdf\" target=\"_blank\" rel=\"noreferrer noopener\">QU\u00cdMICA<\/a><\/td><td class=\"has-text-align-center\" data-align=\"center\"><a href=\"https:\/\/ieslvf-caba.infd.edu.ar\/sitio\/wp-content\/uploads\/2022\/04\/Programa-5%C2%B03%C2%B0-Geografia-Lenguas-Vivas-2022.pdf\">GEOGRAF\u00cdA<\/a><\/td><td class=\"has-text-align-center\" data-align=\"center\">SOCIEDAD Y ESTADO<\/td><\/tr><tr><td class=\"has-text-align-center\" data-align=\"center\">HISTORIA CULTURAL LATINOAMERICANA<\/td><td class=\"has-text-align-center\" data-align=\"center\"><a href=\"https:\/\/ieslvf-caba.infd.edu.ar\/sitio\/wp-content\/uploads\/2022\/04\/Programa-Historia-Orientada-5to-LV-2022.pdf\" target=\"_blank\" rel=\"noreferrer noopener\">HISTORIA ORIENTADA<\/a><\/td><td class=\"has-text-align-center\" data-align=\"center\">TECNOLOG\u00cdAS DE LA INFORMACI\u00d3N ORIENTADA<\/td><td class=\"has-text-align-center\" data-align=\"center\">PROYECTO<\/td><\/tr><tr><td class=\"has-text-align-center\" data-align=\"center\">GEOGRAFIA<\/td><td class=\"has-text-align-center\" data-align=\"center\">EDI<\/td><td class=\"has-text-align-center\" data-align=\"center\"><a href=\"https:\/\/ieslvf-caba.infd.edu.ar\/sitio\/wp-content\/uploads\/2022\/08\/5-ProgramaFrances5o-ano-LAB-2022-1.pdf\" data-type=\"URL\" data-id=\"https:\/\/ieslvf-caba.infd.edu.ar\/sitio\/wp-content\/uploads\/2022\/08\/5-ProgramaFrances5o-ano-LAB-2022-1.pdf\" target=\"_blank\" rel=\"noreferrer noopener\">LENGUA ADICIONAL B FRANC\u00c9S<\/a><\/td><td class=\"has-text-align-center\" data-align=\"center\"><\/td><\/tr><\/tbody><\/table><\/figure>\n\n\n\n<p class=\"has-text-align-center has-medium-font-size\"><\/p>\n\n\n\n<pre class=\"wp-block-preformatted has-medium-font-size\">                     <strong><span style=\"color:#0e27e1\" class=\"has-inline-color\">CICLO ORIENTADO EN MATEM\u00c1TICA Y F\u00cdSICA NES - DIVISI\u00d3N: 3\u00b04 - 4\u00b04 - 5\u00b04<\/span><\/strong><\/pre>\n\n\n\n<h4 class=\"wp-block-heading\"><span class=\"has-inline-color has-vivid-red-color\">3\u00b04<\/span><\/h4>\n\n\n\n<figure class=\"wp-block-table\"><table><tbody><tr><td class=\"has-text-align-center\" data-align=\"center\"><a href=\"https:\/\/ieslvf-caba.infd.edu.ar\/sitio\/wp-content\/uploads\/2022\/03\/MATEMATICA-3er-ANO_PROGRAMA-NES_2022-1.pdf\">MATEM\u00c1TICA<\/a><\/td><td class=\"has-text-align-center\" data-align=\"center\">LENGUA Y LITERATURA<\/td><td class=\"has-text-align-center\" data-align=\"center\">LENGUA ADICIONAL A FRANC\u00c9S<\/td><td class=\"has-text-align-center\" data-align=\"center\">EDUCACI\u00d3N F\u00cdSICA<\/td><\/tr><tr><td class=\"has-text-align-center\" data-align=\"center\"><a rel=\"noreferrer noopener\" href=\"https:\/\/ieslvf-caba.infd.edu.ar\/sitio\/wp-content\/uploads\/2022\/08\/3-BIOLOGIA-3%C2%B0-ANO-_PROGRAMA-NES_LV2022-1.pdf\" target=\"_blank\">BIOLOG\u00cdA<\/a><\/td><td class=\"has-text-align-center\" data-align=\"center\"><a href=\"https:\/\/ieslvf-caba.infd.edu.ar\/sitio\/wp-content\/uploads\/2022\/04\/PROGRAMA-HISTORIA-3ER-ANO-LV-2022.pdf\">HISTORIA<\/a><\/td><td class=\"has-text-align-center\" data-align=\"center\"><a href=\"https:\/\/ieslvf-caba.infd.edu.ar\/sitio\/wp-content\/uploads\/2022\/08\/Programa-Geografia-3\u00b04\u00b0-Lenguas-Vivas-2022.docx\" data-type=\"URL\" data-id=\"https:\/\/ieslvf-caba.infd.edu.ar\/sitio\/wp-content\/uploads\/2022\/08\/Programa-Geografia-3\u00b04\u00b0-Lenguas-Vivas-2022.docx\" target=\"_blank\" rel=\"noreferrer noopener\">GEOGRAF\u00cdA<\/a><\/td><td class=\"has-text-align-center\" data-align=\"center\"><a href=\"https:\/\/ieslvf-caba.infd.edu.ar\/sitio\/wp-content\/uploads\/2022\/08\/Programa-FEC-3ro-2da-y-4ta-Lenguas-Vivas-2022.doc\" data-type=\"URL\" data-id=\"https:\/\/ieslvf-caba.infd.edu.ar\/sitio\/wp-content\/uploads\/2022\/08\/Programa-FEC-3ro-2da-y-4ta-Lenguas-Vivas-2022.doc\" target=\"_blank\" rel=\"noreferrer noopener\">FORMACI\u00d3N \u00c9TICA Y CIUDADANA<\/a><\/td><\/tr><tr><td class=\"has-text-align-center\" data-align=\"center\">TECNOLOG\u00cdAS DE LA INFORMACI\u00d3N<\/td><td class=\"has-text-align-center\" data-align=\"center\">ECONOM\u00cdA<\/td><td class=\"has-text-align-center\" data-align=\"center\"><a rel=\"noreferrer noopener\" href=\"https:\/\/ieslvf-caba.infd.edu.ar\/sitio\/wp-content\/uploads\/2022\/08\/3er-todos-los-anos-Fisico-y-Quimica-1.pdf\" target=\"_blank\">F\u00cdSICOQU\u00cdMICA<\/a><\/td><td class=\"has-text-align-center\" data-align=\"center\"><a href=\"https:\/\/ieslvf-caba.infd.edu.ar\/sitio\/wp-content\/uploads\/2022\/04\/Programa-Laboratorio-3er-ano-2022.pdf\" target=\"_blank\" rel=\"noreferrer noopener\">LABORATORIO<\/a><\/td><\/tr><tr><td class=\"has-text-align-center\" data-align=\"center\"><a rel=\"noreferrer noopener\" href=\"https:\/\/ieslvf-caba.infd.edu.ar\/sitio\/wp-content\/uploads\/2022\/04\/Programa-EDI-Astronomia-3\u00b04\u00b0-2.pdf\" target=\"_blank\">EDI<\/a><\/td><td class=\"has-text-align-center\" data-align=\"center\">LENGUA ADICIONAL A INGL\u00c9S<\/td><td class=\"has-text-align-center\" data-align=\"center\"><\/td><td class=\"has-text-align-center\" data-align=\"center\"><\/td><\/tr><\/tbody><\/table><\/figure>\n\n\n\n<h4 class=\"wp-block-heading\"><span class=\"has-inline-color has-vivid-red-color\">4\u00b04<\/span><\/h4>\n\n\n\n<figure class=\"wp-block-table\"><table><tbody><tr><td class=\"has-text-align-center\" data-align=\"center\"><a href=\"https:\/\/ieslvf-caba.infd.edu.ar\/sitio\/wp-content\/uploads\/2022\/03\/MATEMATICA-4to-ANO_PROGRAMA-NES_2022.pdf\">MATEM\u00c1TICA<\/a><\/td><td class=\"has-text-align-center\" data-align=\"center\">LENGUA Y LITERATURA<\/td><td class=\"has-text-align-center\" data-align=\"center\">LENGUA ADICIONAL<\/td><td class=\"has-text-align-center\" data-align=\"center\">EDUCACI\u00d3N F\u00cdSICA<\/td><\/tr><tr><td class=\"has-text-align-center\" data-align=\"center\">ARTE<\/td><td class=\"has-text-align-center\" data-align=\"center\"><a href=\"https:\/\/ieslvf-caba.infd.edu.ar\/sitio\/wp-content\/uploads\/2022\/04\/PROGRAMA-HISTORIA-4TO-ANO-LV-2022.pdf\">HISTORIA<\/a><\/td><td class=\"has-text-align-center\" data-align=\"center\"><a rel=\"noreferrer noopener\" href=\"https:\/\/ieslvf-caba.infd.edu.ar\/sitio\/wp-content\/uploads\/2022\/08\/4-Programa-Geografia-todos-los-4to-ano-Lenguast-Vivas-2022-1.pdf\" target=\"_blank\">GEOGRAF\u00cdA<\/a><\/td><td class=\"has-text-align-center\" data-align=\"center\"><a rel=\"noreferrer noopener\" href=\"https:\/\/ieslvf-caba.infd.edu.ar\/sitio\/wp-content\/uploads\/2022\/08\/4-Programa-FEC-4to-LV-2022-1.pdf\" target=\"_blank\">FORMACI\u00d3N \u00c9TICA Y CIUDADANA<\/a><\/td><\/tr><tr><td class=\"has-text-align-center\" data-align=\"center\">TECNOLOG\u00cdAS DE LA INFORMACI\u00d3N<\/td><td class=\"has-text-align-center\" data-align=\"center\"><a href=\"https:\/\/ieslvf-caba.infd.edu.ar\/sitio\/wp-content\/uploads\/2022\/04\/Programa-4to-2022-LV.pdf\">F\u00cdSICA<\/a><\/td><td class=\"has-text-align-center\" data-align=\"center\">CIENCIA EN CONTEXTO<\/td><td class=\"has-text-align-center\" data-align=\"center\"><a href=\"https:\/\/ieslvf-caba.infd.edu.ar\/sitio\/wp-content\/uploads\/2022\/04\/LABORATORIO-DE-MAT-4to-ANO_PROGRAMA-NES_2022.pdf\">LABORATORIO DE MATEM\u00c1TICA<\/a><\/td><\/tr><tr><td class=\"has-text-align-center\" data-align=\"center\"><a href=\"https:\/\/ieslvf-caba.infd.edu.ar\/sitio\/wp-content\/uploads\/2022\/04\/Programa-Fisica-y-Tecnologia-4to-ano-2022.pdf\">F\u00cdSICA Y TECNOLOG\u00cdA<\/a><\/td><td class=\"has-text-align-center\" data-align=\"center\"><\/td><td class=\"has-text-align-center\" data-align=\"center\"><\/td><td class=\"has-text-align-center\" data-align=\"center\"><\/td><\/tr><\/tbody><\/table><\/figure>\n\n\n\n<h4 class=\"wp-block-heading\"><span class=\"has-inline-color has-vivid-red-color\">5\u00b04<\/span><\/h4>\n\n\n\n<figure class=\"wp-block-table\"><table><tbody><tr><td class=\"has-text-align-center\" data-align=\"center\"><a href=\"https:\/\/ieslvf-caba.infd.edu.ar\/sitio\/wp-content\/uploads\/2022\/03\/MATEMATICA-5to-ANO_PROGRAMA-NES_2022.pdf\">MATEM\u00c1TICA<\/a><\/td><td class=\"has-text-align-center\" data-align=\"center\">LENGUA Y LITERATURA<\/td><td class=\"has-text-align-center\" data-align=\"center\">LENGUA ADICIONAL<\/td><td class=\"has-text-align-center\" data-align=\"center\">EDUCACI\u00d3N F\u00cdSICA<\/td><\/tr><tr><td class=\"has-text-align-center\" data-align=\"center\">FILOSOF\u00cdA<\/td><td class=\"has-text-align-center\" data-align=\"center\"><a rel=\"noreferrer noopener\" href=\"https:\/\/ieslvf-caba.infd.edu.ar\/sitio\/wp-content\/uploads\/2022\/08\/5to-programacion-quimica-2022-1.pdf\" target=\"_blank\">QU\u00cdMICA<\/a><\/td><td class=\"has-text-align-center\" data-align=\"center\">L\u00d3GICA Y FILOSOFIA DE LA CIENCIA<\/td><td class=\"has-text-align-center\" data-align=\"center\"><a href=\"https:\/\/ieslvf-caba.infd.edu.ar\/sitio\/wp-content\/uploads\/2022\/09\/MATEMATICA-para-la-fisica-5to-ANO_PROGRAMA-NES_2022.pdf\" target=\"_blank\" rel=\"noreferrer noopener\">MATEM\u00c1TICA PARA LA F\u00cdSICA<\/a><\/td><\/tr><tr><td class=\"has-text-align-center\" data-align=\"center\"><a href=\"https:\/\/ieslvf-caba.infd.edu.ar\/sitio\/wp-content\/uploads\/2022\/06\/Problematica-de-la-fisica-actual-PROGRAMA-NES_2022.pdf\" target=\"_blank\" rel=\"noreferrer noopener\">PROBLEM\u00c1TICAS DE LA F\u00cdSICA ACTUAL<\/a><\/td><td class=\"has-text-align-center\" data-align=\"center\"><a href=\"https:\/\/ieslvf-caba.infd.edu.ar\/sitio\/wp-content\/uploads\/2022\/04\/Programa-Historia-5-o-2o-ANO-2022.pdf\">HISTORIA ORIENTADA<\/a><\/td><td class=\"has-text-align-center\" data-align=\"center\">TECNOLOG\u00cdAS DE LA INFORMACI\u00d3N ORIENTADA<\/td><td class=\"has-text-align-center\" data-align=\"center\"><a rel=\"noreferrer noopener\" href=\"https:\/\/ieslvf-caba.infd.edu.ar\/sitio\/wp-content\/uploads\/2022\/04\/Programa-EDI-5to-2022-LV-1.pdf\" target=\"_blank\">EDI<\/a><\/td><\/tr><tr><td class=\"has-text-align-center\" data-align=\"center\"><a href=\"https:\/\/ieslvf-caba.infd.edu.ar\/sitio\/wp-content\/uploads\/2022\/08\/5-ProgramaFrances5o-ano-LAB-2022-1.pdf\" data-type=\"URL\" data-id=\"https:\/\/ieslvf-caba.infd.edu.ar\/sitio\/wp-content\/uploads\/2022\/08\/5-ProgramaFrances5o-ano-LAB-2022-1.pdf\" target=\"_blank\" rel=\"noreferrer noopener\">LENGUA ADICIONAL B FRANC\u00c9S<\/a><\/td><td class=\"has-text-align-center\" data-align=\"center\"><\/td><td class=\"has-text-align-center\" data-align=\"center\"><\/td><td class=\"has-text-align-center\" data-align=\"center\"><\/td><\/tr><\/tbody><\/table><\/figure>\n\n\n\n<p><\/p>\n","protected":false},"excerpt":{"rendered":"<p>CICLO B\u00c1SICO COM\u00daN 1ER A\u00d1O MATEM\u00c1TICA LENGUA Y LITERATURA LENGUA ADICIONAL FRANC\u00c9S LENGUA ADICIONAL INGL\u00c9S EDUCACI\u00d3N F\u00cdSICA BIOLOG\u00cdA HISTORIA GEOGRAF\u00cdA FORMACI\u00d3N \u00c9TICA Y CIUDADANA EDUCACI\u00d3N TECNOL\u00d3GICA ARTES M\u00daSICA ARTES PL\u00c1STICAS EDI 2DO A\u00d1O MATEM\u00c1TICA LENGUA Y LITERATURA LENGUA ADICIONAL FRANC\u00c9S LENGUA ADICIONAL INGL\u00c9S EDUCACI\u00d3N F\u00cdSICA BIOLOG\u00cdA HISTORIA GEOGRAF\u00cdA FORMACI\u00d3N \u00c9TICA Y CIUDADANA EDUCACI\u00d3N TECNOL\u00d3GICA ARTES &#8230; <a title=\"Programas vigentes 2022 &#8211; Nivel medio\" class=\"read-more\" href=\"https:\/\/ieslvf-caba.infd.edu.ar\/sitio\/programas-vigentes-2022-nivel-medio\/\" aria-label=\"More on Programas vigentes 2022 &#8211; Nivel medio\">[+]<\/a><\/p>\n","protected":false},"author":726,"featured_media":0,"parent":0,"menu_order":0,"comment_status":"closed","ping_status":"closed","template":"","meta":[],"acf":[],"_links":{"self":[{"href":"https:\/\/ieslvf-caba.infd.edu.ar\/sitio\/wp-json\/wp\/v2\/pages\/12464"}],"collection":[{"href":"https:\/\/ieslvf-caba.infd.edu.ar\/sitio\/wp-json\/wp\/v2\/pages"}],"about":[{"href":"https:\/\/ieslvf-caba.infd.edu.ar\/sitio\/wp-json\/wp\/v2\/types\/page"}],"author":[{"embeddable":true,"href":"https:\/\/ieslvf-caba.infd.edu.ar\/sitio\/wp-json\/wp\/v2\/users\/726"}],"replies":[{"embeddable":true,"href":"https:\/\/ieslvf-caba.infd.edu.ar\/sitio\/wp-json\/wp\/v2\/comments?post=12464"}],"version-history":[{"count":74,"href":"https:\/\/ieslvf-caba.infd.edu.ar\/sitio\/wp-json\/wp\/v2\/pages\/12464\/revisions"}],"predecessor-version":[{"id":14618,"href":"https:\/\/ieslvf-caba.infd.edu.ar\/sitio\/wp-json\/wp\/v2\/pages\/12464\/revisions\/14618"}],"wp:attachment":[{"href":"https:\/\/ieslvf-caba.infd.edu.ar\/sitio\/wp-json\/wp\/v2\/media?parent=12464"}],"curies":[{"name":"wp","href":"https:\/\/api.w.org\/{rel}","templated":true}]}}