{"id":13347,"date":"2022-08-03T17:01:49","date_gmt":"2022-08-03T20:01:49","guid":{"rendered":"https:\/\/ieslvf-caba.infd.edu.ar\/sitio\/?page_id=13347"},"modified":"2025-08-12T14:55:47","modified_gmt":"2025-08-12T17:55:47","slug":"repositorioadscripciones","status":"publish","type":"page","link":"https:\/\/ieslvf-caba.infd.edu.ar\/sitio\/repositorioadscripciones\/","title":{"rendered":"Repositorio de trabajos de adscripci\u00f3n"},"content":{"rendered":"\n<div class=\"wp-block-cover alignwide is-light is-position-center-center\" style=\"min-height:100px\" id=\"arriba\"><span aria-hidden=\"true\" class=\"wp-block-cover__background has-background-dim-20 has-background-dim\"><\/span><img decoding=\"async\" loading=\"lazy\" width=\"640\" height=\"480\" class=\"wp-block-cover__image-background wp-image-2428\" alt=\"\" src=\"https:\/\/ieslvf-caba.infd.edu.ar\/sitio\/wp-content\/uploads\/2018\/08\/entrada_ed_viejo_frente_6.jpg\" style=\"object-position:18% 11%\" data-object-fit=\"cover\" data-object-position=\"18% 11%\"\/><div class=\"wp-block-cover__inner-container\">\n<p class=\"has-text-align-center has-text-color\" style=\"color:#fffffa;font-size:40px;line-height:1.1\"><strong>Repositorio de trabajos de adscripci\u00f3n<\/strong><\/p>\n<\/div><\/div>\n\n\n\n<p>El Repositorio de trabajos de adscripci\u00f3n es el espacio digital de nuestra Instituci\u00f3n a trav\u00e9s del cual presentamos a toda la comunidad la producci\u00f3n acad\u00e9mica realizada por nuestra\/os estudiantes y docentes en el marco de las adscripciones de nivel superior.<\/p>\n\n\n\n<p>Objetivos:<\/p>\n\n\n\n<ul>\n<li>Dar acceso online a los resultados de la producci\u00f3n acad\u00e9mica institucional.<\/li>\n\n\n\n<li>Registrar y preservar los trabajos de adscripci\u00f3n aprobados.<\/li>\n\n\n\n<li>Divulgar y difundir la producci\u00f3n acad\u00e9mica de nuestro estudiantado.<\/li>\n\n\n\n<li>Aumentar la visibilidad de la\/os autora\/es y de nuestra Instituci\u00f3n.<\/li>\n\n\n\n<li>Incentivar la creaci\u00f3n y el uso de la producci\u00f3n acad\u00e9mica propia.<\/li>\n<\/ul>\n\n\n\n<p>Normas de publicaci\u00f3n: <a href=\"https:\/\/ieslvf-caba.infd.edu.ar\/sitio\/wp-content\/uploads\/2022\/08\/NORMAS-PARA-REPOSITORIO-ONLINE_ADSCRIPCION.pdf\" target=\"_blank\" rel=\"noreferrer noopener\">descargar aqu\u00ed<\/a><\/p>\n\n\n\n<figure class=\"wp-block-table alignwide is-style-regular\"><table><tbody><tr><td><strong>Datos de autor\u00eda<\/strong><\/td><td><strong>T\u00edtulo <\/strong><\/td><\/tr><tr><td>\u00a0<a href=\"https:\/\/ieslvf-caba.infd.edu.ar\/sitio\/wp-content\/uploads\/2025\/08\/Duran-Karina_Abstract-Adscripcion.docx\" target=\"_blank\" rel=\"noreferrer noopener\">Dur\u00e1n, Karina (2023)<\/a><\/td><td><em><a href=\"https:\/\/ieslvf-caba.infd.edu.ar\/sitio\/wp-content\/uploads\/2025\/08\/Duran-Karina_Trabajo-Adscripcion.pdf\" target=\"_blank\" rel=\"noreferrer noopener\">Exploring the Worlds of Anthony Browne: A journey through Into the Forest &amp; Voices in the Park<\/a><\/em><\/td><\/tr><tr><td><a href=\"https:\/\/ieslvf-caba.infd.edu.ar\/sitio\/wp-content\/uploads\/2023\/05\/Delgado-Paula_Abstract-Adscripcion.docx\" target=\"_blank\" rel=\"noreferrer noopener\">Delgado, Paula (2023)<\/a><\/td><td><em><a href=\"https:\/\/ieslvf-caba.infd.edu.ar\/sitio\/wp-content\/uploads\/2023\/05\/Delgado-Paula_Trabajo-Adscripcion.pdf\" target=\"_blank\" rel=\"noreferrer noopener\">Sounds Dramatic: Pronunciation Learning through Drama at the Teachers\u2019 Training Course<\/a><\/em><\/td><\/tr><tr><td><a href=\"https:\/\/ieslvf-caba.infd.edu.ar\/sitio\/wp-content\/uploads\/2022\/09\/Amuchastegui-Irene_abstract.pdf\" target=\"_blank\" rel=\"noreferrer noopener\">Amuch\u00e1stegui, Irene<br>(2021)<\/a><\/td><td><em><a rel=\"noreferrer noopener\" href=\"https:\/\/ieslvf-caba.infd.edu.ar\/sitio\/wp-content\/uploads\/2022\/08\/Amucha%CC%81stegui-Irene_Trabajo-Adscripcio%CC%81n.pdf\" target=\"_blank\">Dont : usages, \u00e9quivalences en espagnol et difficult\u00e9s lexicales et grammaticales de traduction<\/a><\/em><\/td><\/tr><tr><td><a href=\"https:\/\/ieslvf-caba.infd.edu.ar\/sitio\/wp-content\/uploads\/2022\/09\/Pena-Koessler_datos.pdf\" target=\"_blank\" rel=\"noreferrer noopener\">Pena Koessler, Patricia<br>(2021)<\/a><\/td><td><em><a rel=\"noreferrer noopener\" href=\"https:\/\/ieslvf-caba.infd.edu.ar\/sitio\/wp-content\/uploads\/2022\/09\/Pena-Koessler-Patricia-_Trabajo-Adscripcion.pdf\" target=\"_blank\">The benefits of literature for students with dyslexia in the EFL class<\/a><\/em><\/td><\/tr><tr><td><a href=\"https:\/\/ieslvf-caba.infd.edu.ar\/sitio\/wp-content\/uploads\/2022\/10\/Tiscornia-Teresa_Abstract-Adscripcion.docx\" target=\"_blank\" rel=\"noreferrer noopener\">Tiscornia, Teresa (2020)<\/a><\/td><td><em><a href=\"https:\/\/ieslvf-caba.infd.edu.ar\/sitio\/wp-content\/uploads\/2022\/10\/Tiscornia-Teresa_Trabajo-Adscripcion.pdf\" target=\"_blank\" rel=\"noreferrer noopener\">A Woman\u2019s Place in Kazuo Ishiguro\u2019s. A Pale View of Hills<\/a><\/em><\/td><\/tr><tr><td><a rel=\"noreferrer noopener\" href=\"https:\/\/ieslvf-caba.infd.edu.ar\/sitio\/wp-content\/uploads\/2021\/04\/Guadalupe.Mendez.Datos_.-Abstract.Adscripci%C3%B3n.pdf\" target=\"_blank\">M\u00e9ndez, Guadalupe<br>(2019)<\/a><\/td><td><em><a rel=\"noreferrer noopener\" href=\"https:\/\/ieslvf-caba.infd.edu.ar\/sitio\/wp-content\/uploads\/2021\/04\/Guadalupe.Mendez.Trabajo.Adscripci%C3%B3n.pdf\" target=\"_blank\">What do we teach when we teach language in Language IV at Teacher Training College? A discussion on material selection and syllabus design<\/a><\/em><\/td><\/tr><tr><td><a rel=\"noreferrer noopener\" href=\"https:\/\/ieslvf-caba.infd.edu.ar\/sitio\/wp-content\/uploads\/2021\/04\/Jacovkis.Lina_.Datos_.Abstracts.Adscripci\u00f3n.pdf\" target=\"_blank\">Jacovkis, Lina Gabriela<br>(2018)<\/a><\/td><td><em><a href=\"https:\/\/ieslvf-caba.infd.edu.ar\/sitio\/wp-content\/uploads\/2021\/04\/Jacovkis.Lina_.Trabajo.Adscripci\u00f3n.pdf\" target=\"_blank\" rel=\"noreferrer noopener\">A voice of their own: ownership and the right to tell the story in three works by Chimamanda Ngozi Adichie<\/a><\/em><\/td><\/tr><tr><td><a href=\"https:\/\/ieslvf-caba.infd.edu.ar\/sitio\/wp-content\/uploads\/2023\/04\/Maita-Daniela_Abstract-Adscripcion.doc\" target=\"_blank\" rel=\"noreferrer noopener\">Maita, Daniela (2017)<\/a><\/td><td><em><a href=\"https:\/\/drive.google.com\/file\/d\/1pMssVdaJmn_brv0dOuc2ZaXMUUgbpmuO\/view?usp=share_link\" target=\"_blank\" rel=\"noreferrer noopener\">Interpersonal meaning in Tourist Leaflets: a Comparative Analysis of three Museum Leaflets from an ESP Teaching Perspective<\/a><\/em><\/td><\/tr><tr><td><a href=\"https:\/\/ieslvf-caba.infd.edu.ar\/sitio\/wp-content\/uploads\/2021\/04\/Mangini.Romina.Datos_.Abstract.Adscripci\u00f3n.pdf\" target=\"_blank\" rel=\"noreferrer noopener\">Mangini, Romina<br>(2016)<\/a><\/td><td><em><a href=\"https:\/\/ieslvf-caba.infd.edu.ar\/sitio\/wp-content\/uploads\/2021\/04\/Mangini.Romina.Trabajo.Adscripci%C3%B3n.pdf\" target=\"_blank\" rel=\"noreferrer noopener\">Picturebooks in Primary School: Developing Visual Literacy &amp; Critical Thinking Skills in EFL<\/a><\/em><\/td><\/tr><tr><td><a rel=\"noreferrer noopener\" href=\"https:\/\/ieslvf-caba.infd.edu.ar\/sitio\/wp-content\/uploads\/2021\/04\/Lasa.Cecilia.Datos_.Abstract.Adscripci%C3%B3n.pdf\" target=\"_blank\">Lasa, Cecilia E.<br>(2012)<\/a><\/td><td><a rel=\"noreferrer noopener\" href=\"https:\/\/ieslvf-caba.infd.edu.ar\/sitio\/wp-content\/uploads\/2021\/04\/Lasa.Cecilia.Trabajo.Adscripci%C3%B3n.pdf\" target=\"_blank\"><em>Scopes and limits of the contending discourses in <\/em>Saturday<em>. Towards a discursive practice<\/em><\/a><\/td><\/tr><\/tbody><\/table><\/figure>\n\n\n\n<p><\/p>\n","protected":false},"excerpt":{"rendered":"<p>El Repositorio de trabajos de adscripci\u00f3n es el espacio digital de nuestra Instituci\u00f3n a trav\u00e9s del cual presentamos a toda la comunidad la producci\u00f3n acad\u00e9mica realizada por nuestra\/os estudiantes y docentes en el marco de las adscripciones de nivel superior. Objetivos: Normas de publicaci\u00f3n: descargar aqu\u00ed Datos de autor\u00eda T\u00edtulo \u00a0Dur\u00e1n, Karina (2023) Exploring the &#8230; <a title=\"Repositorio de trabajos de adscripci\u00f3n\" class=\"read-more\" href=\"https:\/\/ieslvf-caba.infd.edu.ar\/sitio\/repositorioadscripciones\/\" aria-label=\"More on Repositorio de trabajos de adscripci\u00f3n\">[+]<\/a><\/p>\n","protected":false},"author":726,"featured_media":0,"parent":0,"menu_order":0,"comment_status":"closed","ping_status":"closed","template":"","meta":[],"acf":[],"_links":{"self":[{"href":"https:\/\/ieslvf-caba.infd.edu.ar\/sitio\/wp-json\/wp\/v2\/pages\/13347"}],"collection":[{"href":"https:\/\/ieslvf-caba.infd.edu.ar\/sitio\/wp-json\/wp\/v2\/pages"}],"about":[{"href":"https:\/\/ieslvf-caba.infd.edu.ar\/sitio\/wp-json\/wp\/v2\/types\/page"}],"author":[{"embeddable":true,"href":"https:\/\/ieslvf-caba.infd.edu.ar\/sitio\/wp-json\/wp\/v2\/users\/726"}],"replies":[{"embeddable":true,"href":"https:\/\/ieslvf-caba.infd.edu.ar\/sitio\/wp-json\/wp\/v2\/comments?post=13347"}],"version-history":[{"count":21,"href":"https:\/\/ieslvf-caba.infd.edu.ar\/sitio\/wp-json\/wp\/v2\/pages\/13347\/revisions"}],"predecessor-version":[{"id":20291,"href":"https:\/\/ieslvf-caba.infd.edu.ar\/sitio\/wp-json\/wp\/v2\/pages\/13347\/revisions\/20291"}],"wp:attachment":[{"href":"https:\/\/ieslvf-caba.infd.edu.ar\/sitio\/wp-json\/wp\/v2\/media?parent=13347"}],"curies":[{"name":"wp","href":"https:\/\/api.w.org\/{rel}","templated":true}]}}